{"id":12235,"date":"2025-12-07T10:05:59","date_gmt":"2025-12-07T09:05:59","guid":{"rendered":"https:\/\/ch.abetlaminati.com\/?post_type=products&#038;p=12235"},"modified":"2025-12-15T10:14:33","modified_gmt":"2025-12-15T09:14:33","slug":"vollfarbige-laminate-mit-farbigem-kern","status":"publish","type":"products","link":"https:\/\/ch.abetlaminati.com\/de\/products\/vollfarbige-laminate-mit-farbigem-kern\/","title":{"rendered":"Full-Colour"},"content":{"rendered":"\t\t<div data-elementor-type=\"wp-post\" data-elementor-id=\"12235\" class=\"elementor elementor-12235\" data-elementor-post-type=\"products\">\n\t\t\t\t\t\t<section class=\"elementor-section elementor-top-section elementor-element elementor-element-7e1572b elementor-section-boxed elementor-section-height-default elementor-section-height-default\" data-id=\"7e1572b\" data-element_type=\"section\">\n\t\t\t\t\t\t<div class=\"elementor-container elementor-column-gap-default\">\n\t\t\t\t\t<div class=\"elementor-column elementor-col-100 elementor-top-column elementor-element elementor-element-b1e1844\" data-id=\"b1e1844\" data-element_type=\"column\">\n\t\t\t<div class=\"elementor-widget-wrap elementor-element-populated\">\n\t\t\t\t\t\t<div class=\"elementor-element elementor-element-4f225f0 elementor-widget elementor-widget-image\" data-id=\"4f225f0\" data-element_type=\"widget\" data-widget_type=\"image.default\">\n\t\t\t\t<div class=\"elementor-widget-container\">\n\t\t\t\t\t\t\t\t\t\t\t\t\t\t\t<img fetchpriority=\"high\" decoding=\"async\" width=\"2000\" height=\"1432\" src=\"https:\/\/ch.abetlaminati.com\/wp-content\/uploads\/sites\/14\/2025\/12\/ABET_Full-Colour_Render-2.webp\" class=\"attachment-full size-full wp-image-12242\" alt=\"\" srcset=\"https:\/\/ch.abetlaminati.com\/wp-content\/uploads\/sites\/14\/2025\/12\/ABET_Full-Colour_Render-2.webp 2000w, https:\/\/ch.abetlaminati.com\/wp-content\/uploads\/sites\/14\/2025\/12\/ABET_Full-Colour_Render-2-300x215.webp 300w, https:\/\/ch.abetlaminati.com\/wp-content\/uploads\/sites\/14\/2025\/12\/ABET_Full-Colour_Render-2-1024x733.webp 1024w, https:\/\/ch.abetlaminati.com\/wp-content\/uploads\/sites\/14\/2025\/12\/ABET_Full-Colour_Render-2-768x550.webp 768w, https:\/\/ch.abetlaminati.com\/wp-content\/uploads\/sites\/14\/2025\/12\/ABET_Full-Colour_Render-2-1536x1100.webp 1536w\" sizes=\"(max-width: 2000px) 100vw, 2000px\" \/>\t\t\t\t\t\t\t\t\t\t\t\t\t\t\t<\/div>\n\t\t\t\t<\/div>\n\t\t\t\t\t<\/div>\n\t\t<\/div>\n\t\t\t\t\t<\/div>\n\t\t<\/section>\n\t\t\t\t<section class=\"elementor-section elementor-top-section elementor-element elementor-element-63bda7f elementor-section-boxed elementor-section-height-default elementor-section-height-default\" data-id=\"63bda7f\" data-element_type=\"section\">\n\t\t\t\t\t\t<div class=\"elementor-container elementor-column-gap-default\">\n\t\t\t\t\t<div class=\"elementor-column elementor-col-50 elementor-top-column elementor-element elementor-element-ef8cf0b\" data-id=\"ef8cf0b\" data-element_type=\"column\">\n\t\t\t<div class=\"elementor-widget-wrap elementor-element-populated\">\n\t\t\t\t\t\t<div class=\"elementor-element elementor-element-9b376e2 elementor-widget elementor-widget-heading\" data-id=\"9b376e2\" data-element_type=\"widget\" data-widget_type=\"heading.default\">\n\t\t\t\t<div class=\"elementor-widget-container\">\n\t\t\t\t\t<h3 class=\"elementor-heading-title elementor-size-default\">Full-Colour ist ein Laminat mit einem Kern, dessen Farbe auf das Oberfl\u00e4chendesign abgestimmt ist. Es \u00fcberzeugt durch Langlebigkeit, hohe Hygieneanforderungen und eignet sich f\u00fcr nahezu jede Anwendung.<\/h3>\t\t\t\t<\/div>\n\t\t\t\t<\/div>\n\t\t\t\t\t<\/div>\n\t\t<\/div>\n\t\t\t\t<div class=\"elementor-column elementor-col-50 elementor-top-column elementor-element elementor-element-85b2f7e\" data-id=\"85b2f7e\" data-element_type=\"column\">\n\t\t\t<div class=\"elementor-widget-wrap elementor-element-populated\">\n\t\t\t\t\t\t<div class=\"elementor-element elementor-element-e7cdcff elementor-widget elementor-widget-text-editor\" data-id=\"e7cdcff\" data-element_type=\"widget\" data-widget_type=\"text-editor.default\">\n\t\t\t\t<div class=\"elementor-widget-container\">\n\t\t\t\t\t\t\t\t\tFull-Colour ist ein Laminat von Abet mit einem farblich auf die Oberfl\u00e4che abgestimmten Kern. Es eignet sich ideal f\u00fcr Anwendungen mit sichtbaren Kanten und sorgt f\u00fcr ein einheitliches Erscheinungsbild. Das Laminat ist sto\u00df-, kratz-, wasser- und dampfbest\u00e4ndig, hygienisch, antistatisch und leicht zu reinigen. Es ist perfekt f\u00fcr K\u00fcchenarbeitsplatten, Tische, T\u00fcren, Trennw\u00e4nde und M\u00f6bel und vereint die W\u00e4rme und Sch\u00f6nheit nat\u00fcrlicher Materialien mit den praktischen Vorteilen von Laminat hinsichtlich Pflege und Montage.\t\t\t\t\t\t\t\t<\/div>\n\t\t\t\t<\/div>\n\t\t\t\t\t<\/div>\n\t\t<\/div>\n\t\t\t\t\t<\/div>\n\t\t<\/section>\n\t\t\t\t<section class=\"elementor-section elementor-top-section elementor-element elementor-element-5dcf82b elementor-section-boxed elementor-section-height-default elementor-section-height-default\" data-id=\"5dcf82b\" data-element_type=\"section\">\n\t\t\t\t\t\t<div class=\"elementor-container elementor-column-gap-default\">\n\t\t\t\t\t<div class=\"elementor-column elementor-col-100 elementor-top-column elementor-element elementor-element-4eda37e\" data-id=\"4eda37e\" data-element_type=\"column\">\n\t\t\t<div class=\"elementor-widget-wrap elementor-element-populated\">\n\t\t\t\t\t\t<div class=\"elementor-element elementor-element-fadbedd elementor-widget elementor-widget-heading\" data-id=\"fadbedd\" data-element_type=\"widget\" data-widget_type=\"heading.default\">\n\t\t\t\t<div class=\"elementor-widget-container\">\n\t\t\t\t\t<h4 class=\"elementor-heading-title elementor-size-default\">Full-Colour Kollektion<\/h4>\t\t\t\t<\/div>\n\t\t\t\t<\/div>\n\t\t\t\t<div class=\"elementor-element elementor-element-cba2faf elementor-widget elementor-widget-wk_collezione_campioni\" data-id=\"cba2faf\" data-element_type=\"widget\" data-widget_type=\"wk_collezione_campioni.default\">\n\t\t\t\t<div class=\"elementor-widget-container\">\n\t\t\t\t\t        <ul class=\"grid_campionario grid_campionario_widget \">\n            \n    <li class=\"grid-item wk_campione   \" data-code-cache=\"405\" data-code=\"405\" data-title=\"405 - BIANCO PORCELLANA\" data-name=\"bianco porcellana\" data-collection=\"\"  data-available=\"1\" data-cover=\"405.jpg\">\n        <div class=\"wk_campione_cover\">\n            <div class=\"wk_campione_cover_bg lazy\" data-bg=\"https:\/\/ch.abetlaminati.com\/CAMPIONI\/405.jpg\" data-default=\"https:\/\/ch.abetlaminati.com\/CAMPIONI\/405.jpg\" style=\"background-image: url(https:\/\/ch.abetlaminati.com\/CAMPIONI\/405.jpg);\"><\/div>\n            <abet_campionario_wish_button codice=\"405\" nome=\"bianco porcellana\"><\/abet_campionario_wish_button>\n                    <\/div>\n\n        <div class=\"wk_campione_title\">\n            <span class=\"wk_campione__code\">405<\/span> <span class=\"wk_campione__name\">bianco porcellana<\/span>\n        <\/div>\n\n            <\/li>\n\n    <li class=\"grid-item wk_campione   \" data-code-cache=\"410\" data-code=\"410\" data-title=\"410 - Bianco Ghiaccio\" data-name=\"bianco ghiaccio\" data-collection=\"\"  data-available=\"1\" data-cover=\"410.jpg\">\n        <div class=\"wk_campione_cover\">\n            <div class=\"wk_campione_cover_bg lazy\" data-bg=\"https:\/\/ch.abetlaminati.com\/CAMPIONI\/410.jpg\" data-default=\"https:\/\/ch.abetlaminati.com\/CAMPIONI\/410.jpg\" style=\"background-image: url(https:\/\/ch.abetlaminati.com\/CAMPIONI\/410.jpg);\"><\/div>\n            <abet_campionario_wish_button codice=\"410\" nome=\"bianco ghiaccio\"><\/abet_campionario_wish_button>\n                    <\/div>\n\n        <div class=\"wk_campione_title\">\n            <span class=\"wk_campione__code\">410<\/span> <span class=\"wk_campione__name\">bianco ghiaccio<\/span>\n        <\/div>\n\n            <\/li>\n\n    <li class=\"grid-item wk_campione   \" data-code-cache=\"810\" data-code=\"810\" data-title=\"810 - Mini Bianco\" data-name=\"mini bianco\" data-collection=\"\"  data-available=\"1\" data-cover=\"810.jpg\">\n        <div class=\"wk_campione_cover\">\n            <div class=\"wk_campione_cover_bg lazy\" data-bg=\"https:\/\/ch.abetlaminati.com\/CAMPIONI\/810.jpg\" data-default=\"https:\/\/ch.abetlaminati.com\/CAMPIONI\/810.jpg\" style=\"background-image: url(https:\/\/ch.abetlaminati.com\/CAMPIONI\/810.jpg);\"><\/div>\n            <abet_campionario_wish_button codice=\"810\" nome=\"mini bianco\"><\/abet_campionario_wish_button>\n                    <\/div>\n\n        <div class=\"wk_campione_title\">\n            <span class=\"wk_campione__code\">810<\/span> <span class=\"wk_campione__name\">mini bianco<\/span>\n        <\/div>\n\n            <\/li>\n\n    <li class=\"grid-item wk_campione   \" data-code-cache=\"414\" data-code=\"414\" data-title=\"414 - SABBIA\" data-name=\"sabbia\" data-collection=\"\"  data-available=\"1\" data-cover=\"414.jpg\">\n        <div class=\"wk_campione_cover\">\n            <div class=\"wk_campione_cover_bg lazy\" data-bg=\"https:\/\/ch.abetlaminati.com\/CAMPIONI\/414.jpg\" data-default=\"https:\/\/ch.abetlaminati.com\/CAMPIONI\/414.jpg\" style=\"background-image: url(https:\/\/ch.abetlaminati.com\/CAMPIONI\/414.jpg);\"><\/div>\n            <abet_campionario_wish_button codice=\"414\" nome=\"sabbia\"><\/abet_campionario_wish_button>\n                    <\/div>\n\n        <div class=\"wk_campione_title\">\n            <span class=\"wk_campione__code\">414<\/span> <span class=\"wk_campione__name\">sabbia<\/span>\n        <\/div>\n\n            <\/li>\n\n    <li class=\"grid-item wk_campione   \" data-code-cache=\"416\" data-code=\"416\" data-title=\"416 - BEIGE\" data-name=\"beige\" data-collection=\"\"  data-available=\"1\" data-cover=\"416.jpg\">\n        <div class=\"wk_campione_cover\">\n            <div class=\"wk_campione_cover_bg lazy\" data-bg=\"https:\/\/ch.abetlaminati.com\/CAMPIONI\/416.jpg\" data-default=\"https:\/\/ch.abetlaminati.com\/CAMPIONI\/416.jpg\" style=\"background-image: url(https:\/\/ch.abetlaminati.com\/CAMPIONI\/416.jpg);\"><\/div>\n            <abet_campionario_wish_button codice=\"416\" nome=\"beige\"><\/abet_campionario_wish_button>\n                    <\/div>\n\n        <div class=\"wk_campione_title\">\n            <span class=\"wk_campione__code\">416<\/span> <span class=\"wk_campione__name\">beige<\/span>\n        <\/div>\n\n            <\/li>\n\n    <li class=\"grid-item wk_campione   \" data-code-cache=\"1816\" data-code=\"1816\" data-title=\"1816 - Sahara Beige\" data-name=\"sahara beige\" data-collection=\"\"  data-available=\"1\" data-cover=\"1816.jpg\">\n        <div class=\"wk_campione_cover\">\n            <div class=\"wk_campione_cover_bg lazy\" data-bg=\"https:\/\/ch.abetlaminati.com\/CAMPIONI\/1816.jpg\" data-default=\"https:\/\/ch.abetlaminati.com\/CAMPIONI\/1816.jpg\" style=\"background-image: url(https:\/\/ch.abetlaminati.com\/CAMPIONI\/1816.jpg);\"><\/div>\n            <abet_campionario_wish_button codice=\"1816\" nome=\"sahara beige\"><\/abet_campionario_wish_button>\n                    <\/div>\n\n        <div class=\"wk_campione_title\">\n            <span class=\"wk_campione__code\">1816<\/span> <span class=\"wk_campione__name\">sahara beige<\/span>\n        <\/div>\n\n            <\/li>\n\n    <li class=\"grid-item wk_campione   \" data-code-cache=\"868\" data-code=\"868\" data-title=\"868 - GRIGIO MEDIO\" data-name=\"grigio medio\" data-collection=\"\"  data-available=\"1\" data-cover=\"868.jpg\">\n        <div class=\"wk_campione_cover\">\n            <div class=\"wk_campione_cover_bg lazy\" data-bg=\"https:\/\/ch.abetlaminati.com\/CAMPIONI\/868.jpg\" data-default=\"https:\/\/ch.abetlaminati.com\/CAMPIONI\/868.jpg\" style=\"background-image: url(https:\/\/ch.abetlaminati.com\/CAMPIONI\/868.jpg);\"><\/div>\n            <abet_campionario_wish_button codice=\"868\" nome=\"grigio medio\"><\/abet_campionario_wish_button>\n                    <\/div>\n\n        <div class=\"wk_campione_title\">\n            <span class=\"wk_campione__code\">868<\/span> <span class=\"wk_campione__name\">grigio medio<\/span>\n        <\/div>\n\n            <\/li>\n\n    <li class=\"grid-item wk_campione   \" data-code-cache=\"1820\" data-code=\"1820\" data-title=\"1820 - GRIGIO COSMICO\" data-name=\"grigio cosmico\" data-collection=\"\"  data-available=\"1\" data-cover=\"1820.jpg\">\n        <div class=\"wk_campione_cover\">\n            <div class=\"wk_campione_cover_bg lazy\" data-bg=\"https:\/\/ch.abetlaminati.com\/CAMPIONI\/1820.jpg\" data-default=\"https:\/\/ch.abetlaminati.com\/CAMPIONI\/1820.jpg\" style=\"background-image: url(https:\/\/ch.abetlaminati.com\/CAMPIONI\/1820.jpg);\"><\/div>\n            <abet_campionario_wish_button codice=\"1820\" nome=\"grigio cosmico\"><\/abet_campionario_wish_button>\n                    <\/div>\n\n        <div class=\"wk_campione_title\">\n            <span class=\"wk_campione__code\">1820<\/span> <span class=\"wk_campione__name\">grigio cosmico<\/span>\n        <\/div>\n\n            <\/li>\n\n    <li class=\"grid-item wk_campione   \" data-code-cache=\"475\" data-code=\"475\" data-title=\"475 - Grigio Perla\" data-name=\"grigio perla\" data-collection=\"\"  data-available=\"1\" data-cover=\"475.jpg\">\n        <div class=\"wk_campione_cover\">\n            <div class=\"wk_campione_cover_bg lazy\" data-bg=\"https:\/\/ch.abetlaminati.com\/CAMPIONI\/475.jpg\" data-default=\"https:\/\/ch.abetlaminati.com\/CAMPIONI\/475.jpg\" style=\"background-image: url(https:\/\/ch.abetlaminati.com\/CAMPIONI\/475.jpg);\"><\/div>\n            <abet_campionario_wish_button codice=\"475\" nome=\"grigio perla\"><\/abet_campionario_wish_button>\n                    <\/div>\n\n        <div class=\"wk_campione_title\">\n            <span class=\"wk_campione__code\">475<\/span> <span class=\"wk_campione__name\">grigio perla<\/span>\n        <\/div>\n\n            <\/li>\n\n    <li class=\"grid-item wk_campione   \" data-code-cache=\"871\" data-code=\"871\" data-title=\"871 - Grigio Scuro\" data-name=\"grigio scuro\" data-collection=\"\"  data-available=\"1\" data-cover=\"871.jpg\">\n        <div class=\"wk_campione_cover\">\n            <div class=\"wk_campione_cover_bg lazy\" data-bg=\"https:\/\/ch.abetlaminati.com\/CAMPIONI\/871.jpg\" data-default=\"https:\/\/ch.abetlaminati.com\/CAMPIONI\/871.jpg\" style=\"background-image: url(https:\/\/ch.abetlaminati.com\/CAMPIONI\/871.jpg);\"><\/div>\n            <abet_campionario_wish_button codice=\"871\" nome=\"grigio scuro\"><\/abet_campionario_wish_button>\n                    <\/div>\n\n        <div class=\"wk_campione_title\">\n            <span class=\"wk_campione__code\">871<\/span> <span class=\"wk_campione__name\">grigio scuro<\/span>\n        <\/div>\n\n            <\/li>\n\n    <li class=\"grid-item wk_campione   \" data-code-cache=\"879\" data-code=\"879\" data-title=\"879 - GRIGIO GRAFITE\" data-name=\"grigio grafite\" data-collection=\"\"  data-available=\"1\" data-cover=\"879.jpg\">\n        <div class=\"wk_campione_cover\">\n            <div class=\"wk_campione_cover_bg lazy\" data-bg=\"https:\/\/ch.abetlaminati.com\/CAMPIONI\/879.jpg\" data-default=\"https:\/\/ch.abetlaminati.com\/CAMPIONI\/879.jpg\" style=\"background-image: url(https:\/\/ch.abetlaminati.com\/CAMPIONI\/879.jpg);\"><\/div>\n            <abet_campionario_wish_button codice=\"879\" nome=\"grigio grafite\"><\/abet_campionario_wish_button>\n                    <\/div>\n\n        <div class=\"wk_campione_title\">\n            <span class=\"wk_campione__code\">879<\/span> <span class=\"wk_campione__name\">grigio grafite<\/span>\n        <\/div>\n\n            <\/li>\n\n    <li class=\"grid-item wk_campione   \" data-code-cache=\"421\" data-code=\"421\" data-title=\"421 - Nero\" data-name=\"nero\" data-collection=\"\"  data-available=\"1\" data-cover=\"421.jpg\">\n        <div class=\"wk_campione_cover\">\n            <div class=\"wk_campione_cover_bg lazy\" data-bg=\"https:\/\/ch.abetlaminati.com\/CAMPIONI\/421.jpg\" data-default=\"https:\/\/ch.abetlaminati.com\/CAMPIONI\/421.jpg\" style=\"background-image: url(https:\/\/ch.abetlaminati.com\/CAMPIONI\/421.jpg);\"><\/div>\n            <abet_campionario_wish_button codice=\"421\" nome=\"nero\"><\/abet_campionario_wish_button>\n                    <\/div>\n\n        <div class=\"wk_campione_title\">\n            <span class=\"wk_campione__code\">421<\/span> <span class=\"wk_campione__name\">nero<\/span>\n        <\/div>\n\n            <\/li>\n\n    <li class=\"grid-item wk_campione   \" data-code-cache=\"872\" data-code=\"872\" data-title=\"872 - Grigio Brillante\" data-name=\"grigio brillante\" data-collection=\"\"  data-available=\"1\" data-cover=\"872.jpg\">\n        <div class=\"wk_campione_cover\">\n            <div class=\"wk_campione_cover_bg lazy\" data-bg=\"https:\/\/ch.abetlaminati.com\/CAMPIONI\/872.jpg\" data-default=\"https:\/\/ch.abetlaminati.com\/CAMPIONI\/872.jpg\" style=\"background-image: url(https:\/\/ch.abetlaminati.com\/CAMPIONI\/872.jpg);\"><\/div>\n            <abet_campionario_wish_button codice=\"872\" nome=\"grigio brillante\"><\/abet_campionario_wish_button>\n                    <\/div>\n\n        <div class=\"wk_campione_title\">\n            <span class=\"wk_campione__code\">872<\/span> <span class=\"wk_campione__name\">grigio brillante<\/span>\n        <\/div>\n\n            <\/li>\n\n    <li class=\"grid-item wk_campione   \" data-code-cache=\"1835\" data-code=\"1835\" data-title=\"1835 - Caramello\" data-name=\"caramello\" data-collection=\"\"  data-available=\"1\" data-cover=\"1835.jpg\">\n        <div class=\"wk_campione_cover\">\n            <div class=\"wk_campione_cover_bg lazy\" data-bg=\"https:\/\/ch.abetlaminati.com\/CAMPIONI\/1835.jpg\" data-default=\"https:\/\/ch.abetlaminati.com\/CAMPIONI\/1835.jpg\" style=\"background-image: url(https:\/\/ch.abetlaminati.com\/CAMPIONI\/1835.jpg);\"><\/div>\n            <abet_campionario_wish_button codice=\"1835\" nome=\"caramello\"><\/abet_campionario_wish_button>\n                    <\/div>\n\n        <div class=\"wk_campione_title\">\n            <span class=\"wk_campione__code\">1835<\/span> <span class=\"wk_campione__name\">caramello<\/span>\n        <\/div>\n\n            <\/li>\n        <\/ul>\n        \t\t\t\t<\/div>\n\t\t\t\t<\/div>\n\t\t\t\t\t<\/div>\n\t\t<\/div>\n\t\t\t\t\t<\/div>\n\t\t<\/section>\n\t\t\t\t<section class=\"elementor-section elementor-top-section elementor-element elementor-element-bdec153 elementor-section-boxed elementor-section-height-default elementor-section-height-default\" data-id=\"bdec153\" data-element_type=\"section\">\n\t\t\t\t\t\t<div class=\"elementor-container elementor-column-gap-default\">\n\t\t\t\t\t<div class=\"elementor-column elementor-col-50 elementor-top-column elementor-element elementor-element-54f2120\" data-id=\"54f2120\" data-element_type=\"column\">\n\t\t\t<div class=\"elementor-widget-wrap elementor-element-populated\">\n\t\t\t\t\t\t<div class=\"elementor-element elementor-element-6881cb0 elementor-widget elementor-widget-image\" data-id=\"6881cb0\" data-element_type=\"widget\" data-widget_type=\"image.default\">\n\t\t\t\t<div class=\"elementor-widget-container\">\n\t\t\t\t\t\t\t\t\t\t\t\t\t\t\t<img decoding=\"async\" width=\"1000\" height=\"1250\" src=\"https:\/\/ch.abetlaminati.com\/wp-content\/uploads\/sites\/14\/2025\/12\/Maxfel-Gallery-02.jpg\" class=\"attachment-full size-full wp-image-12245\" alt=\"\" srcset=\"https:\/\/ch.abetlaminati.com\/wp-content\/uploads\/sites\/14\/2025\/12\/Maxfel-Gallery-02.jpg 1000w, https:\/\/ch.abetlaminati.com\/wp-content\/uploads\/sites\/14\/2025\/12\/Maxfel-Gallery-02-240x300.jpg 240w, https:\/\/ch.abetlaminati.com\/wp-content\/uploads\/sites\/14\/2025\/12\/Maxfel-Gallery-02-819x1024.jpg 819w, https:\/\/ch.abetlaminati.com\/wp-content\/uploads\/sites\/14\/2025\/12\/Maxfel-Gallery-02-768x960.jpg 768w\" sizes=\"(max-width: 1000px) 100vw, 1000px\" \/>\t\t\t\t\t\t\t\t\t\t\t\t\t\t\t<\/div>\n\t\t\t\t<\/div>\n\t\t\t\t\t<\/div>\n\t\t<\/div>\n\t\t\t\t<div class=\"elementor-column elementor-col-50 elementor-top-column elementor-element elementor-element-3c6f300\" data-id=\"3c6f300\" data-element_type=\"column\">\n\t\t\t<div class=\"elementor-widget-wrap elementor-element-populated\">\n\t\t\t\t\t\t<div class=\"elementor-element elementor-element-459ee62 elementor-widget elementor-widget-image\" data-id=\"459ee62\" data-element_type=\"widget\" data-widget_type=\"image.default\">\n\t\t\t\t<div class=\"elementor-widget-container\">\n\t\t\t\t\t\t\t\t\t\t\t\t\t\t\t<img decoding=\"async\" width=\"1000\" height=\"1250\" src=\"https:\/\/ch.abetlaminati.com\/wp-content\/uploads\/sites\/14\/2025\/12\/ABET_Full-Colour_Strati-1.webp\" class=\"attachment-full size-full wp-image-12248\" alt=\"\" srcset=\"https:\/\/ch.abetlaminati.com\/wp-content\/uploads\/sites\/14\/2025\/12\/ABET_Full-Colour_Strati-1.webp 1000w, https:\/\/ch.abetlaminati.com\/wp-content\/uploads\/sites\/14\/2025\/12\/ABET_Full-Colour_Strati-1-240x300.webp 240w, https:\/\/ch.abetlaminati.com\/wp-content\/uploads\/sites\/14\/2025\/12\/ABET_Full-Colour_Strati-1-819x1024.webp 819w, https:\/\/ch.abetlaminati.com\/wp-content\/uploads\/sites\/14\/2025\/12\/ABET_Full-Colour_Strati-1-768x960.webp 768w\" sizes=\"(max-width: 1000px) 100vw, 1000px\" \/>\t\t\t\t\t\t\t\t\t\t\t\t\t\t\t<\/div>\n\t\t\t\t<\/div>\n\t\t\t\t\t<\/div>\n\t\t<\/div>\n\t\t\t\t\t<\/div>\n\t\t<\/section>\n\t\t\t\t<section class=\"elementor-section elementor-top-section elementor-element elementor-element-255bd89 elementor-section-boxed elementor-section-height-default elementor-section-height-default\" data-id=\"255bd89\" data-element_type=\"section\">\n\t\t\t\t\t\t<div class=\"elementor-container elementor-column-gap-default\">\n\t\t\t\t\t<div class=\"elementor-column elementor-col-50 elementor-top-column elementor-element elementor-element-6fd3aac\" data-id=\"6fd3aac\" data-element_type=\"column\">\n\t\t\t<div class=\"elementor-widget-wrap elementor-element-populated\">\n\t\t\t\t\t\t<div class=\"elementor-element elementor-element-4abb9c0 elementor-widget elementor-widget-heading\" data-id=\"4abb9c0\" data-element_type=\"widget\" data-widget_type=\"heading.default\">\n\t\t\t\t<div class=\"elementor-widget-container\">\n\t\t\t\t\t<h3 class=\"elementor-heading-title elementor-size-default\">Die farbigen Kerne k\u00f6nnen mit den Kollektionen Colours, Rocks, Legni Light, Legni Dark und Polaris kombiniert werden.<\/h3>\t\t\t\t<\/div>\n\t\t\t\t<\/div>\n\t\t\t\t\t<\/div>\n\t\t<\/div>\n\t\t\t\t<div class=\"elementor-column elementor-col-50 elementor-top-column elementor-element elementor-element-018fb44\" data-id=\"018fb44\" data-element_type=\"column\">\n\t\t\t<div class=\"elementor-widget-wrap elementor-element-populated\">\n\t\t\t\t\t\t<div class=\"elementor-element elementor-element-0d09548 elementor-widget elementor-widget-text-editor\" data-id=\"0d09548\" data-element_type=\"widget\" data-widget_type=\"text-editor.default\">\n\t\t\t\t<div class=\"elementor-widget-container\">\n\t\t\t\t\t\t\t\t\tDank langj\u00e4hriger Technologiekompetenz und Erfahrung hat Abet Laminati Full-Colour entwickelt: Laminatplatten mit einem Kern, der perfekt auf das Oberfl\u00e4chendesign abgestimmt ist. Diese Innovation erm\u00f6glicht die Gestaltung von M\u00f6beln und Wandverkleidungen mit sichtbaren Kanten in durchg\u00e4ngiger, \u00e4sthetischer Kontinuit\u00e4t. Die farbigen Kerne lassen sich mit den Kollektionen Colours, Rocks, Legni Light, Legni Dark und Polaris kombinieren und er\u00f6ffnen so vielseitige, von nat\u00fcrlichen Materialien inspirierte Gestaltungsl\u00f6sungen mit starker visueller Wirkung.\t\t\t\t\t\t\t\t<\/div>\n\t\t\t\t<\/div>\n\t\t\t\t\t<\/div>\n\t\t<\/div>\n\t\t\t\t\t<\/div>\n\t\t<\/section>\n\t\t\t\t<section class=\"elementor-section elementor-top-section elementor-element elementor-element-67fb38c elementor-section-boxed elementor-section-height-default elementor-section-height-default\" data-id=\"67fb38c\" data-element_type=\"section\">\n\t\t\t\t\t\t<div class=\"elementor-container elementor-column-gap-default\">\n\t\t\t\t\t<div class=\"elementor-column elementor-col-100 elementor-top-column elementor-element elementor-element-c2c95b5\" data-id=\"c2c95b5\" data-element_type=\"column\">\n\t\t\t<div class=\"elementor-widget-wrap elementor-element-populated\">\n\t\t\t\t\t\t<div class=\"elementor-element elementor-element-12182d6 elementor-widget elementor-widget-heading\" data-id=\"12182d6\" data-element_type=\"widget\" data-widget_type=\"heading.default\">\n\t\t\t\t<div class=\"elementor-widget-container\">\n\t\t\t\t\t<h4 class=\"elementor-heading-title elementor-size-default\">Farbiger Kern<\/h4>\t\t\t\t<\/div>\n\t\t\t\t<\/div>\n\t\t\t\t<section class=\"elementor-section elementor-inner-section elementor-element elementor-element-385ba1d elementor-section-boxed elementor-section-height-default elementor-section-height-default\" data-id=\"385ba1d\" data-element_type=\"section\">\n\t\t\t\t\t\t<div class=\"elementor-container elementor-column-gap-default\">\n\t\t\t\t\t<div class=\"elementor-column elementor-col-16 elementor-inner-column elementor-element elementor-element-0272aa5\" data-id=\"0272aa5\" data-element_type=\"column\">\n\t\t\t<div class=\"elementor-widget-wrap elementor-element-populated\">\n\t\t\t\t\t\t<div class=\"elementor-element elementor-element-5bc2aac elementor-position-top elementor-widget elementor-widget-image-box\" data-id=\"5bc2aac\" data-element_type=\"widget\" data-widget_type=\"image-box.default\">\n\t\t\t\t<div class=\"elementor-widget-container\">\n\t\t\t\t\t<div class=\"elementor-image-box-wrapper\"><figure class=\"elementor-image-box-img\"><img loading=\"lazy\" decoding=\"async\" width=\"600\" height=\"800\" src=\"https:\/\/ch.abetlaminati.com\/wp-content\/uploads\/sites\/14\/2025\/12\/ABET_Core-A.webp\" class=\"attachment-full size-full wp-image-12251\" alt=\"\" srcset=\"https:\/\/ch.abetlaminati.com\/wp-content\/uploads\/sites\/14\/2025\/12\/ABET_Core-A.webp 600w, https:\/\/ch.abetlaminati.com\/wp-content\/uploads\/sites\/14\/2025\/12\/ABET_Core-A-225x300.webp 225w\" sizes=\"(max-width: 600px) 100vw, 600px\" \/><\/figure><div class=\"elementor-image-box-content\"><p class=\"elementor-image-box-description\">Core A<\/p><\/div><\/div>\t\t\t\t<\/div>\n\t\t\t\t<\/div>\n\t\t\t\t\t<\/div>\n\t\t<\/div>\n\t\t\t\t<div class=\"elementor-column elementor-col-16 elementor-inner-column elementor-element elementor-element-ba70a1c\" data-id=\"ba70a1c\" data-element_type=\"column\">\n\t\t\t<div class=\"elementor-widget-wrap elementor-element-populated\">\n\t\t\t\t\t\t<div class=\"elementor-element elementor-element-9cf562f elementor-position-top elementor-widget elementor-widget-image-box\" data-id=\"9cf562f\" data-element_type=\"widget\" data-widget_type=\"image-box.default\">\n\t\t\t\t<div class=\"elementor-widget-container\">\n\t\t\t\t\t<div class=\"elementor-image-box-wrapper\"><figure class=\"elementor-image-box-img\"><img loading=\"lazy\" decoding=\"async\" width=\"600\" height=\"800\" src=\"https:\/\/ch.abetlaminati.com\/wp-content\/uploads\/sites\/14\/2025\/12\/ABET_Core-W.webp\" class=\"attachment-full size-full wp-image-12254\" alt=\"\" srcset=\"https:\/\/ch.abetlaminati.com\/wp-content\/uploads\/sites\/14\/2025\/12\/ABET_Core-W.webp 600w, https:\/\/ch.abetlaminati.com\/wp-content\/uploads\/sites\/14\/2025\/12\/ABET_Core-W-225x300.webp 225w\" sizes=\"(max-width: 600px) 100vw, 600px\" \/><\/figure><div class=\"elementor-image-box-content\"><p class=\"elementor-image-box-description\">Core W<\/p><\/div><\/div>\t\t\t\t<\/div>\n\t\t\t\t<\/div>\n\t\t\t\t\t<\/div>\n\t\t<\/div>\n\t\t\t\t<div class=\"elementor-column elementor-col-16 elementor-inner-column elementor-element elementor-element-77de3ea\" data-id=\"77de3ea\" data-element_type=\"column\">\n\t\t\t<div class=\"elementor-widget-wrap elementor-element-populated\">\n\t\t\t\t\t\t<div class=\"elementor-element elementor-element-1bf62de elementor-position-top elementor-widget elementor-widget-image-box\" data-id=\"1bf62de\" data-element_type=\"widget\" data-widget_type=\"image-box.default\">\n\t\t\t\t<div class=\"elementor-widget-container\">\n\t\t\t\t\t<div class=\"elementor-image-box-wrapper\"><figure class=\"elementor-image-box-img\"><img loading=\"lazy\" decoding=\"async\" width=\"600\" height=\"800\" src=\"https:\/\/ch.abetlaminati.com\/wp-content\/uploads\/sites\/14\/2025\/12\/ABET_Core-S.webp\" class=\"attachment-full size-full wp-image-12257\" alt=\"\" srcset=\"https:\/\/ch.abetlaminati.com\/wp-content\/uploads\/sites\/14\/2025\/12\/ABET_Core-S.webp 600w, https:\/\/ch.abetlaminati.com\/wp-content\/uploads\/sites\/14\/2025\/12\/ABET_Core-S-225x300.webp 225w\" sizes=\"(max-width: 600px) 100vw, 600px\" \/><\/figure><div class=\"elementor-image-box-content\"><p class=\"elementor-image-box-description\">Core S<\/p><\/div><\/div>\t\t\t\t<\/div>\n\t\t\t\t<\/div>\n\t\t\t\t\t<\/div>\n\t\t<\/div>\n\t\t\t\t<div class=\"elementor-column elementor-col-16 elementor-inner-column elementor-element elementor-element-435a9e5\" data-id=\"435a9e5\" data-element_type=\"column\">\n\t\t\t<div class=\"elementor-widget-wrap elementor-element-populated\">\n\t\t\t\t\t\t<div class=\"elementor-element elementor-element-e616cd7 elementor-position-top elementor-widget elementor-widget-image-box\" data-id=\"e616cd7\" data-element_type=\"widget\" data-widget_type=\"image-box.default\">\n\t\t\t\t<div class=\"elementor-widget-container\">\n\t\t\t\t\t<div class=\"elementor-image-box-wrapper\"><figure class=\"elementor-image-box-img\"><img loading=\"lazy\" decoding=\"async\" width=\"600\" height=\"800\" src=\"https:\/\/ch.abetlaminati.com\/wp-content\/uploads\/sites\/14\/2025\/12\/ABET_Core-E.webp\" class=\"attachment-full size-full wp-image-12260\" alt=\"\" srcset=\"https:\/\/ch.abetlaminati.com\/wp-content\/uploads\/sites\/14\/2025\/12\/ABET_Core-E.webp 600w, https:\/\/ch.abetlaminati.com\/wp-content\/uploads\/sites\/14\/2025\/12\/ABET_Core-E-225x300.webp 225w\" sizes=\"(max-width: 600px) 100vw, 600px\" \/><\/figure><div class=\"elementor-image-box-content\"><p class=\"elementor-image-box-description\">Core E<\/p><\/div><\/div>\t\t\t\t<\/div>\n\t\t\t\t<\/div>\n\t\t\t\t\t<\/div>\n\t\t<\/div>\n\t\t\t\t<div class=\"elementor-column elementor-col-16 elementor-inner-column elementor-element elementor-element-ebdc5e9\" data-id=\"ebdc5e9\" data-element_type=\"column\">\n\t\t\t<div class=\"elementor-widget-wrap elementor-element-populated\">\n\t\t\t\t\t\t<div class=\"elementor-element elementor-element-541d5cb elementor-position-top elementor-widget elementor-widget-image-box\" data-id=\"541d5cb\" data-element_type=\"widget\" data-widget_type=\"image-box.default\">\n\t\t\t\t<div class=\"elementor-widget-container\">\n\t\t\t\t\t<div class=\"elementor-image-box-wrapper\"><figure class=\"elementor-image-box-img\"><img loading=\"lazy\" decoding=\"async\" width=\"600\" height=\"800\" src=\"https:\/\/ch.abetlaminati.com\/wp-content\/uploads\/sites\/14\/2025\/12\/ABET_Core-D.webp\" class=\"attachment-full size-full wp-image-12263\" alt=\"\" srcset=\"https:\/\/ch.abetlaminati.com\/wp-content\/uploads\/sites\/14\/2025\/12\/ABET_Core-D.webp 600w, https:\/\/ch.abetlaminati.com\/wp-content\/uploads\/sites\/14\/2025\/12\/ABET_Core-D-225x300.webp 225w\" sizes=\"(max-width: 600px) 100vw, 600px\" \/><\/figure><div class=\"elementor-image-box-content\"><p class=\"elementor-image-box-description\">Core D<\/p><\/div><\/div>\t\t\t\t<\/div>\n\t\t\t\t<\/div>\n\t\t\t\t\t<\/div>\n\t\t<\/div>\n\t\t\t\t<div class=\"elementor-column elementor-col-16 elementor-inner-column elementor-element elementor-element-ab03162\" data-id=\"ab03162\" data-element_type=\"column\">\n\t\t\t<div class=\"elementor-widget-wrap elementor-element-populated\">\n\t\t\t\t\t\t<div class=\"elementor-element elementor-element-c3271a7 elementor-position-top elementor-widget elementor-widget-image-box\" data-id=\"c3271a7\" data-element_type=\"widget\" data-widget_type=\"image-box.default\">\n\t\t\t\t<div class=\"elementor-widget-container\">\n\t\t\t\t\t<div class=\"elementor-image-box-wrapper\"><figure class=\"elementor-image-box-img\"><img loading=\"lazy\" decoding=\"async\" width=\"600\" height=\"800\" src=\"https:\/\/ch.abetlaminati.com\/wp-content\/uploads\/sites\/14\/2025\/12\/ABET_Core-M.webp\" class=\"attachment-full size-full wp-image-12266\" alt=\"\" srcset=\"https:\/\/ch.abetlaminati.com\/wp-content\/uploads\/sites\/14\/2025\/12\/ABET_Core-M.webp 600w, https:\/\/ch.abetlaminati.com\/wp-content\/uploads\/sites\/14\/2025\/12\/ABET_Core-M-225x300.webp 225w\" sizes=\"(max-width: 600px) 100vw, 600px\" \/><\/figure><div class=\"elementor-image-box-content\"><p class=\"elementor-image-box-description\">Core M<\/p><\/div><\/div>\t\t\t\t<\/div>\n\t\t\t\t<\/div>\n\t\t\t\t\t<\/div>\n\t\t<\/div>\n\t\t\t\t\t<\/div>\n\t\t<\/section>\n\t\t\t\t<section class=\"elementor-section elementor-inner-section elementor-element elementor-element-c8c4e34 elementor-section-boxed elementor-section-height-default elementor-section-height-default\" data-id=\"c8c4e34\" data-element_type=\"section\">\n\t\t\t\t\t\t<div class=\"elementor-container elementor-column-gap-default\">\n\t\t\t\t\t<div class=\"elementor-column elementor-col-16 elementor-inner-column elementor-element elementor-element-bcbdef7\" data-id=\"bcbdef7\" data-element_type=\"column\">\n\t\t\t<div class=\"elementor-widget-wrap elementor-element-populated\">\n\t\t\t\t\t\t<div class=\"elementor-element elementor-element-3db754a elementor-position-top elementor-widget elementor-widget-image-box\" data-id=\"3db754a\" data-element_type=\"widget\" data-widget_type=\"image-box.default\">\n\t\t\t\t<div class=\"elementor-widget-container\">\n\t\t\t\t\t<div class=\"elementor-image-box-wrapper\"><figure class=\"elementor-image-box-img\"><img loading=\"lazy\" decoding=\"async\" width=\"600\" height=\"800\" src=\"https:\/\/ch.abetlaminati.com\/wp-content\/uploads\/sites\/14\/2025\/12\/ABET_Core-P.webp\" class=\"attachment-full size-full wp-image-12269\" alt=\"\" srcset=\"https:\/\/ch.abetlaminati.com\/wp-content\/uploads\/sites\/14\/2025\/12\/ABET_Core-P.webp 600w, https:\/\/ch.abetlaminati.com\/wp-content\/uploads\/sites\/14\/2025\/12\/ABET_Core-P-225x300.webp 225w\" sizes=\"(max-width: 600px) 100vw, 600px\" \/><\/figure><div class=\"elementor-image-box-content\"><p class=\"elementor-image-box-description\">Core P<\/p><\/div><\/div>\t\t\t\t<\/div>\n\t\t\t\t<\/div>\n\t\t\t\t\t<\/div>\n\t\t<\/div>\n\t\t\t\t<div class=\"elementor-column elementor-col-16 elementor-inner-column elementor-element elementor-element-0371490\" data-id=\"0371490\" data-element_type=\"column\">\n\t\t\t<div class=\"elementor-widget-wrap elementor-element-populated\">\n\t\t\t\t\t\t<div class=\"elementor-element elementor-element-118a805 elementor-position-top elementor-widget elementor-widget-image-box\" data-id=\"118a805\" data-element_type=\"widget\" data-widget_type=\"image-box.default\">\n\t\t\t\t<div class=\"elementor-widget-container\">\n\t\t\t\t\t<div class=\"elementor-image-box-wrapper\"><figure class=\"elementor-image-box-img\"><img loading=\"lazy\" decoding=\"async\" width=\"600\" height=\"800\" src=\"https:\/\/ch.abetlaminati.com\/wp-content\/uploads\/sites\/14\/2025\/12\/ABET_Core-G.webp\" class=\"attachment-full size-full wp-image-12272\" alt=\"\" srcset=\"https:\/\/ch.abetlaminati.com\/wp-content\/uploads\/sites\/14\/2025\/12\/ABET_Core-G.webp 600w, https:\/\/ch.abetlaminati.com\/wp-content\/uploads\/sites\/14\/2025\/12\/ABET_Core-G-225x300.webp 225w\" sizes=\"(max-width: 600px) 100vw, 600px\" \/><\/figure><div class=\"elementor-image-box-content\"><p class=\"elementor-image-box-description\">Core G<\/p><\/div><\/div>\t\t\t\t<\/div>\n\t\t\t\t<\/div>\n\t\t\t\t\t<\/div>\n\t\t<\/div>\n\t\t\t\t<div class=\"elementor-column elementor-col-16 elementor-inner-column elementor-element elementor-element-1fbaa81\" data-id=\"1fbaa81\" data-element_type=\"column\">\n\t\t\t<div class=\"elementor-widget-wrap elementor-element-populated\">\n\t\t\t\t\t\t<div class=\"elementor-element elementor-element-0d94c60 elementor-position-top elementor-widget elementor-widget-image-box\" data-id=\"0d94c60\" data-element_type=\"widget\" data-widget_type=\"image-box.default\">\n\t\t\t\t<div class=\"elementor-widget-container\">\n\t\t\t\t\t<div class=\"elementor-image-box-wrapper\"><figure class=\"elementor-image-box-img\"><img loading=\"lazy\" decoding=\"async\" width=\"600\" height=\"800\" src=\"https:\/\/ch.abetlaminati.com\/wp-content\/uploads\/sites\/14\/2025\/12\/ABET_Core-F.webp\" class=\"attachment-full size-full wp-image-12275\" alt=\"\" srcset=\"https:\/\/ch.abetlaminati.com\/wp-content\/uploads\/sites\/14\/2025\/12\/ABET_Core-F.webp 600w, https:\/\/ch.abetlaminati.com\/wp-content\/uploads\/sites\/14\/2025\/12\/ABET_Core-F-225x300.webp 225w\" sizes=\"(max-width: 600px) 100vw, 600px\" \/><\/figure><div class=\"elementor-image-box-content\"><p class=\"elementor-image-box-description\">Core F<\/p><\/div><\/div>\t\t\t\t<\/div>\n\t\t\t\t<\/div>\n\t\t\t\t\t<\/div>\n\t\t<\/div>\n\t\t\t\t<div class=\"elementor-column elementor-col-16 elementor-inner-column elementor-element elementor-element-77c07cc\" data-id=\"77c07cc\" data-element_type=\"column\">\n\t\t\t<div class=\"elementor-widget-wrap elementor-element-populated\">\n\t\t\t\t\t\t<div class=\"elementor-element elementor-element-60cfc43 elementor-position-top elementor-widget elementor-widget-image-box\" data-id=\"60cfc43\" data-element_type=\"widget\" data-widget_type=\"image-box.default\">\n\t\t\t\t<div class=\"elementor-widget-container\">\n\t\t\t\t\t<div class=\"elementor-image-box-wrapper\"><figure class=\"elementor-image-box-img\"><img loading=\"lazy\" decoding=\"async\" width=\"600\" height=\"800\" src=\"https:\/\/ch.abetlaminati.com\/wp-content\/uploads\/sites\/14\/2025\/12\/ABET_Core-C.webp\" class=\"attachment-full size-full wp-image-12278\" alt=\"\" srcset=\"https:\/\/ch.abetlaminati.com\/wp-content\/uploads\/sites\/14\/2025\/12\/ABET_Core-C.webp 600w, https:\/\/ch.abetlaminati.com\/wp-content\/uploads\/sites\/14\/2025\/12\/ABET_Core-C-225x300.webp 225w\" sizes=\"(max-width: 600px) 100vw, 600px\" \/><\/figure><div class=\"elementor-image-box-content\"><p class=\"elementor-image-box-description\">Core C<\/p><\/div><\/div>\t\t\t\t<\/div>\n\t\t\t\t<\/div>\n\t\t\t\t\t<\/div>\n\t\t<\/div>\n\t\t\t\t<div class=\"elementor-column elementor-col-16 elementor-inner-column elementor-element elementor-element-c2ea0ba\" data-id=\"c2ea0ba\" data-element_type=\"column\">\n\t\t\t<div class=\"elementor-widget-wrap elementor-element-populated\">\n\t\t\t\t\t\t<div class=\"elementor-element elementor-element-55b5cbe elementor-position-top elementor-widget elementor-widget-image-box\" data-id=\"55b5cbe\" data-element_type=\"widget\" data-widget_type=\"image-box.default\">\n\t\t\t\t<div class=\"elementor-widget-container\">\n\t\t\t\t\t<div class=\"elementor-image-box-wrapper\"><figure class=\"elementor-image-box-img\"><img loading=\"lazy\" decoding=\"async\" width=\"600\" height=\"800\" src=\"https:\/\/ch.abetlaminati.com\/wp-content\/uploads\/sites\/14\/2025\/12\/ABET_Core-L.webp\" class=\"attachment-full size-full wp-image-12281\" alt=\"\" srcset=\"https:\/\/ch.abetlaminati.com\/wp-content\/uploads\/sites\/14\/2025\/12\/ABET_Core-L.webp 600w, https:\/\/ch.abetlaminati.com\/wp-content\/uploads\/sites\/14\/2025\/12\/ABET_Core-L-225x300.webp 225w\" sizes=\"(max-width: 600px) 100vw, 600px\" \/><\/figure><div class=\"elementor-image-box-content\"><p class=\"elementor-image-box-description\">Core L<\/p><\/div><\/div>\t\t\t\t<\/div>\n\t\t\t\t<\/div>\n\t\t\t\t\t<\/div>\n\t\t<\/div>\n\t\t\t\t<div class=\"elementor-column elementor-col-16 elementor-inner-column elementor-element elementor-element-d257608\" data-id=\"d257608\" data-element_type=\"column\">\n\t\t\t<div class=\"elementor-widget-wrap elementor-element-populated\">\n\t\t\t\t\t\t<div class=\"elementor-element elementor-element-d6c812a elementor-position-top elementor-widget elementor-widget-image-box\" data-id=\"d6c812a\" data-element_type=\"widget\" data-widget_type=\"image-box.default\">\n\t\t\t\t<div class=\"elementor-widget-container\">\n\t\t\t\t\t<div class=\"elementor-image-box-wrapper\"><figure class=\"elementor-image-box-img\"><img loading=\"lazy\" decoding=\"async\" width=\"600\" height=\"800\" src=\"https:\/\/ch.abetlaminati.com\/wp-content\/uploads\/sites\/14\/2025\/12\/ABET_Core-BK.webp\" class=\"attachment-full size-full wp-image-12284\" alt=\"\" srcset=\"https:\/\/ch.abetlaminati.com\/wp-content\/uploads\/sites\/14\/2025\/12\/ABET_Core-BK.webp 600w, https:\/\/ch.abetlaminati.com\/wp-content\/uploads\/sites\/14\/2025\/12\/ABET_Core-BK-225x300.webp 225w\" sizes=\"(max-width: 600px) 100vw, 600px\" \/><\/figure><div class=\"elementor-image-box-content\"><p class=\"elementor-image-box-description\">Core BK<\/p><\/div><\/div>\t\t\t\t<\/div>\n\t\t\t\t<\/div>\n\t\t\t\t\t<\/div>\n\t\t<\/div>\n\t\t\t\t\t<\/div>\n\t\t<\/section>\n\t\t\t\t\t<\/div>\n\t\t<\/div>\n\t\t\t\t\t<\/div>\n\t\t<\/section>\n\t\t\t\t<\/div>\n\t\t","protected":false},"excerpt":{"rendered":"<p>Full-Colour ist ein Laminat mit einem Kern, dessen Farbe auf das Oberfl\u00e4chendesign abgestimmt ist. Es \u00fcberzeugt durch Langlebigkeit, hohe Hygieneanforderungen und eignet sich f\u00fcr nahezu jede Anwendung. Full-Colour ist ein Laminat von Abet mit einem farblich auf die Oberfl\u00e4che abgestimmten Kern. Es eignet sich ideal f\u00fcr Anwendungen mit sichtbaren Kanten und sorgt f\u00fcr ein einheitliches [&hellip;]<\/p>\n","protected":false},"featured_media":12236,"template":"","class_list":["post-12235","products","type-products","status-publish","has-post-thumbnail","hentry","product-cat-full-colour","interior-exterior-interior"],"acf":[],"yoast_head":"<!-- This site is optimized with the Yoast SEO plugin v25.7 - https:\/\/yoast.com\/wordpress\/plugins\/seo\/ -->\n<title>Full-Colour \u2013 Laminate mit farbigem Kern | Abet Laminati CH<\/title>\n<meta name=\"description\" content=\"FullColor Platten sind durchgef\u00e4rbte Laminate, bei denen Kern und Oberfl\u00e4che \u00fcbereinstimmen \u2013 ideal f\u00fcr Anwendungen mit sichtbaren, farbigen Kanten.\" \/>\n<meta name=\"robots\" content=\"index, follow, max-snippet:-1, max-image-preview:large, max-video-preview:-1\" \/>\n<link rel=\"canonical\" href=\"https:\/\/ch.abetlaminati.com\/de\/products\/vollfarbige-laminate-mit-farbigem-kern\/\" \/>\n<meta property=\"og:locale\" content=\"de_DE\" \/>\n<meta property=\"og:type\" content=\"article\" \/>\n<meta property=\"og:title\" content=\"Full-Colour \u2013 Laminate mit farbigem Kern | Abet Laminati CH\" \/>\n<meta property=\"og:description\" content=\"FullColor Platten sind durchgef\u00e4rbte Laminate, bei denen Kern und Oberfl\u00e4che \u00fcbereinstimmen \u2013 ideal f\u00fcr Anwendungen mit sichtbaren, farbigen Kanten.\" \/>\n<meta property=\"og:url\" content=\"https:\/\/ch.abetlaminati.com\/de\/products\/vollfarbige-laminate-mit-farbigem-kern\/\" \/>\n<meta property=\"og:site_name\" content=\"Abet Laminati CH\" \/>\n<meta property=\"article:publisher\" content=\"https:\/\/www.facebook.com\/AbetLaminati\" \/>\n<meta property=\"article:modified_time\" content=\"2025-12-15T09:14:33+00:00\" \/>\n<meta property=\"og:image\" content=\"https:\/\/ch.abetlaminati.com\/wp-content\/uploads\/sites\/14\/2025\/12\/Abet-Laminati_icona-lettera_Full-Color.webp\" \/>\n\t<meta property=\"og:image:width\" content=\"1500\" \/>\n\t<meta property=\"og:image:height\" content=\"1500\" \/>\n\t<meta property=\"og:image:type\" content=\"image\/webp\" \/>\n<meta name=\"twitter:card\" content=\"summary_large_image\" \/>\n<script type=\"application\/ld+json\" class=\"yoast-schema-graph\">{\"@context\":\"https:\/\/schema.org\",\"@graph\":[{\"@type\":\"WebPage\",\"@id\":\"https:\/\/ch.abetlaminati.com\/de\/products\/vollfarbige-laminate-mit-farbigem-kern\/\",\"url\":\"https:\/\/ch.abetlaminati.com\/de\/products\/vollfarbige-laminate-mit-farbigem-kern\/\",\"name\":\"Full-Colour \u2013 Laminate mit farbigem Kern | Abet Laminati CH\",\"isPartOf\":{\"@id\":\"https:\/\/ch.abetlaminati.com\/de\/#website\"},\"primaryImageOfPage\":{\"@id\":\"https:\/\/ch.abetlaminati.com\/de\/products\/vollfarbige-laminate-mit-farbigem-kern\/#primaryimage\"},\"image\":{\"@id\":\"https:\/\/ch.abetlaminati.com\/de\/products\/vollfarbige-laminate-mit-farbigem-kern\/#primaryimage\"},\"thumbnailUrl\":\"https:\/\/ch.abetlaminati.com\/wp-content\/uploads\/sites\/14\/2025\/12\/Abet-Laminati_icona-lettera_Full-Color.webp\",\"datePublished\":\"2025-12-07T09:05:59+00:00\",\"dateModified\":\"2025-12-15T09:14:33+00:00\",\"description\":\"FullColor Platten sind durchgef\u00e4rbte Laminate, bei denen Kern und Oberfl\u00e4che \u00fcbereinstimmen \u2013 ideal f\u00fcr Anwendungen mit sichtbaren, farbigen Kanten.\",\"breadcrumb\":{\"@id\":\"https:\/\/ch.abetlaminati.com\/de\/products\/vollfarbige-laminate-mit-farbigem-kern\/#breadcrumb\"},\"inLanguage\":\"de\",\"potentialAction\":[{\"@type\":\"ReadAction\",\"target\":[\"https:\/\/ch.abetlaminati.com\/de\/products\/vollfarbige-laminate-mit-farbigem-kern\/\"]}]},{\"@type\":\"ImageObject\",\"inLanguage\":\"de\",\"@id\":\"https:\/\/ch.abetlaminati.com\/de\/products\/vollfarbige-laminate-mit-farbigem-kern\/#primaryimage\",\"url\":\"https:\/\/ch.abetlaminati.com\/wp-content\/uploads\/sites\/14\/2025\/12\/Abet-Laminati_icona-lettera_Full-Color.webp\",\"contentUrl\":\"https:\/\/ch.abetlaminati.com\/wp-content\/uploads\/sites\/14\/2025\/12\/Abet-Laminati_icona-lettera_Full-Color.webp\",\"width\":1500,\"height\":1500},{\"@type\":\"BreadcrumbList\",\"@id\":\"https:\/\/ch.abetlaminati.com\/de\/products\/vollfarbige-laminate-mit-farbigem-kern\/#breadcrumb\",\"itemListElement\":[{\"@type\":\"ListItem\",\"position\":1,\"name\":\"Home\",\"item\":\"https:\/\/ch.abetlaminati.com\/it\/\"},{\"@type\":\"ListItem\",\"position\":2,\"name\":\"Products\",\"item\":\"https:\/\/ch.abetlaminati.com\/fr\/products\/\"},{\"@type\":\"ListItem\",\"position\":3,\"name\":\"Full-Colour\"}]},{\"@type\":\"WebSite\",\"@id\":\"https:\/\/ch.abetlaminati.com\/de\/#website\",\"url\":\"https:\/\/ch.abetlaminati.com\/de\/\",\"name\":\"Abet Laminati\",\"description\":\"\",\"potentialAction\":[{\"@type\":\"SearchAction\",\"target\":{\"@type\":\"EntryPoint\",\"urlTemplate\":\"https:\/\/ch.abetlaminati.com\/de\/?s={search_term_string}\"},\"query-input\":{\"@type\":\"PropertyValueSpecification\",\"valueRequired\":true,\"valueName\":\"search_term_string\"}}],\"inLanguage\":\"de\"}]}<\/script>\n<!-- \/ Yoast SEO plugin. -->","yoast_head_json":{"title":"Full-Colour \u2013 Laminate mit farbigem Kern | Abet Laminati CH","description":"FullColor Platten sind durchgef\u00e4rbte Laminate, bei denen Kern und Oberfl\u00e4che \u00fcbereinstimmen \u2013 ideal f\u00fcr Anwendungen mit sichtbaren, farbigen Kanten.","robots":{"index":"index","follow":"follow","max-snippet":"max-snippet:-1","max-image-preview":"max-image-preview:large","max-video-preview":"max-video-preview:-1"},"canonical":"https:\/\/ch.abetlaminati.com\/de\/products\/vollfarbige-laminate-mit-farbigem-kern\/","og_locale":"de_DE","og_type":"article","og_title":"Full-Colour \u2013 Laminate mit farbigem Kern | Abet Laminati CH","og_description":"FullColor Platten sind durchgef\u00e4rbte Laminate, bei denen Kern und Oberfl\u00e4che \u00fcbereinstimmen \u2013 ideal f\u00fcr Anwendungen mit sichtbaren, farbigen Kanten.","og_url":"https:\/\/ch.abetlaminati.com\/de\/products\/vollfarbige-laminate-mit-farbigem-kern\/","og_site_name":"Abet Laminati CH","article_publisher":"https:\/\/www.facebook.com\/AbetLaminati","article_modified_time":"2025-12-15T09:14:33+00:00","og_image":[{"width":1500,"height":1500,"url":"https:\/\/ch.abetlaminati.com\/wp-content\/uploads\/sites\/14\/2025\/12\/Abet-Laminati_icona-lettera_Full-Color.webp","type":"image\/webp"}],"twitter_card":"summary_large_image","schema":{"@context":"https:\/\/schema.org","@graph":[{"@type":"WebPage","@id":"https:\/\/ch.abetlaminati.com\/de\/products\/vollfarbige-laminate-mit-farbigem-kern\/","url":"https:\/\/ch.abetlaminati.com\/de\/products\/vollfarbige-laminate-mit-farbigem-kern\/","name":"Full-Colour \u2013 Laminate mit farbigem Kern | Abet Laminati CH","isPartOf":{"@id":"https:\/\/ch.abetlaminati.com\/de\/#website"},"primaryImageOfPage":{"@id":"https:\/\/ch.abetlaminati.com\/de\/products\/vollfarbige-laminate-mit-farbigem-kern\/#primaryimage"},"image":{"@id":"https:\/\/ch.abetlaminati.com\/de\/products\/vollfarbige-laminate-mit-farbigem-kern\/#primaryimage"},"thumbnailUrl":"https:\/\/ch.abetlaminati.com\/wp-content\/uploads\/sites\/14\/2025\/12\/Abet-Laminati_icona-lettera_Full-Color.webp","datePublished":"2025-12-07T09:05:59+00:00","dateModified":"2025-12-15T09:14:33+00:00","description":"FullColor Platten sind durchgef\u00e4rbte Laminate, bei denen Kern und Oberfl\u00e4che \u00fcbereinstimmen \u2013 ideal f\u00fcr Anwendungen mit sichtbaren, farbigen Kanten.","breadcrumb":{"@id":"https:\/\/ch.abetlaminati.com\/de\/products\/vollfarbige-laminate-mit-farbigem-kern\/#breadcrumb"},"inLanguage":"de","potentialAction":[{"@type":"ReadAction","target":["https:\/\/ch.abetlaminati.com\/de\/products\/vollfarbige-laminate-mit-farbigem-kern\/"]}]},{"@type":"ImageObject","inLanguage":"de","@id":"https:\/\/ch.abetlaminati.com\/de\/products\/vollfarbige-laminate-mit-farbigem-kern\/#primaryimage","url":"https:\/\/ch.abetlaminati.com\/wp-content\/uploads\/sites\/14\/2025\/12\/Abet-Laminati_icona-lettera_Full-Color.webp","contentUrl":"https:\/\/ch.abetlaminati.com\/wp-content\/uploads\/sites\/14\/2025\/12\/Abet-Laminati_icona-lettera_Full-Color.webp","width":1500,"height":1500},{"@type":"BreadcrumbList","@id":"https:\/\/ch.abetlaminati.com\/de\/products\/vollfarbige-laminate-mit-farbigem-kern\/#breadcrumb","itemListElement":[{"@type":"ListItem","position":1,"name":"Home","item":"https:\/\/ch.abetlaminati.com\/it\/"},{"@type":"ListItem","position":2,"name":"Products","item":"https:\/\/ch.abetlaminati.com\/fr\/products\/"},{"@type":"ListItem","position":3,"name":"Full-Colour"}]},{"@type":"WebSite","@id":"https:\/\/ch.abetlaminati.com\/de\/#website","url":"https:\/\/ch.abetlaminati.com\/de\/","name":"Abet Laminati","description":"","potentialAction":[{"@type":"SearchAction","target":{"@type":"EntryPoint","urlTemplate":"https:\/\/ch.abetlaminati.com\/de\/?s={search_term_string}"},"query-input":{"@type":"PropertyValueSpecification","valueRequired":true,"valueName":"search_term_string"}}],"inLanguage":"de"}]}},"_links":{"self":[{"href":"https:\/\/ch.abetlaminati.com\/de\/wp-json\/wp\/v2\/products\/12235","targetHints":{"allow":["GET"]}}],"collection":[{"href":"https:\/\/ch.abetlaminati.com\/de\/wp-json\/wp\/v2\/products"}],"about":[{"href":"https:\/\/ch.abetlaminati.com\/de\/wp-json\/wp\/v2\/types\/products"}],"version-history":[{"count":10,"href":"https:\/\/ch.abetlaminati.com\/de\/wp-json\/wp\/v2\/products\/12235\/revisions"}],"predecessor-version":[{"id":12476,"href":"https:\/\/ch.abetlaminati.com\/de\/wp-json\/wp\/v2\/products\/12235\/revisions\/12476"}],"wp:featuredmedia":[{"embeddable":true,"href":"https:\/\/ch.abetlaminati.com\/de\/wp-json\/wp\/v2\/media\/12236"}],"wp:attachment":[{"href":"https:\/\/ch.abetlaminati.com\/de\/wp-json\/wp\/v2\/media?parent=12235"}],"curies":[{"name":"wp","href":"https:\/\/api.w.org\/{rel}","templated":true}]}}