{"id":12341,"date":"2025-12-14T12:24:44","date_gmt":"2025-12-14T11:24:44","guid":{"rendered":"https:\/\/ch.abetlaminati.com\/products\/foldline\/"},"modified":"2026-01-15T17:36:08","modified_gmt":"2026-01-15T16:36:08","slug":"foldline","status":"publish","type":"products","link":"https:\/\/ch.abetlaminati.com\/de\/products\/foldline\/","title":{"rendered":"Foldline"},"content":{"rendered":"\t\t<div data-elementor-type=\"wp-post\" data-elementor-id=\"12341\" class=\"elementor elementor-12341 elementor-12322\" data-elementor-post-type=\"products\">\n\t\t\t\t\t\t<section class=\"elementor-section elementor-top-section elementor-element elementor-element-41c24b88 elementor-section-boxed elementor-section-height-default elementor-section-height-default\" data-id=\"41c24b88\" data-element_type=\"section\">\n\t\t\t\t\t\t<div class=\"elementor-container elementor-column-gap-default\">\n\t\t\t\t\t<div class=\"elementor-column elementor-col-50 elementor-top-column elementor-element elementor-element-75e83f58\" data-id=\"75e83f58\" data-element_type=\"column\">\n\t\t\t<div class=\"elementor-widget-wrap elementor-element-populated\">\n\t\t\t\t\t\t<div class=\"elementor-element elementor-element-4798abed elementor-widget elementor-widget-heading\" data-id=\"4798abed\" data-element_type=\"widget\" data-widget_type=\"heading.default\">\n\t\t\t\t<div class=\"elementor-widget-container\">\n\t\t\t\t\t<h3 class=\"elementor-heading-title elementor-size-default\">Dekore und Oberfl\u00e4chen<\/h3>\t\t\t\t<\/div>\n\t\t\t\t<\/div>\n\t\t\t\t\t<\/div>\n\t\t<\/div>\n\t\t\t\t<div class=\"elementor-column elementor-col-50 elementor-top-column elementor-element elementor-element-75038189\" data-id=\"75038189\" data-element_type=\"column\">\n\t\t\t<div class=\"elementor-widget-wrap elementor-element-populated\">\n\t\t\t\t\t\t<div class=\"elementor-element elementor-element-68d27f62 elementor-widget elementor-widget-text-editor\" data-id=\"68d27f62\" data-element_type=\"widget\" data-widget_type=\"text-editor.default\">\n\t\t\t\t<div class=\"elementor-widget-container\">\n\t\t\t\t\t\t\t\t\tUm die Verf\u00fcgbarkeit von Dekoren und Oberfl\u00e4chen f\u00fcr dieses Produkt zu pr\u00fcfen, kontaktieren Sie uns bitte oder wenden Sie sich an Ihren lokalen Abet Laminati-Ansprechpartner.\t\t\t\t\t\t\t\t<\/div>\n\t\t\t\t<\/div>\n\t\t\t\t<div class=\"elementor-element elementor-element-78235a70 elementor-align-right elementor-widget__width-inherit wk-popup-contact-button elementor-widget elementor-widget-button\" data-id=\"78235a70\" data-element_type=\"widget\" data-widget_type=\"button.default\">\n\t\t\t\t<div class=\"elementor-widget-container\">\n\t\t\t\t\t\t\t\t\t<div class=\"elementor-button-wrapper\">\n\t\t\t\t\t<a class=\"elementor-button elementor-button-link elementor-size-md\" href=\"https:\/\/ch.abetlaminati.com\/de\/kontaktieren-sie-uns\/\" target=\"_blank\">\n\t\t\t\t\t\t<span class=\"elementor-button-content-wrapper\">\n\t\t\t\t\t\t\t\t\t<span class=\"elementor-button-text\">Kontaktieren Sie uns<\/span>\n\t\t\t\t\t<\/span>\n\t\t\t\t\t<\/a>\n\t\t\t\t<\/div>\n\t\t\t\t\t\t\t\t<\/div>\n\t\t\t\t<\/div>\n\t\t\t\t\t<\/div>\n\t\t<\/div>\n\t\t\t\t\t<\/div>\n\t\t<\/section>\n\t\t\t\t<section class=\"elementor-section elementor-top-section elementor-element elementor-element-62a0b40f elementor-section-boxed elementor-section-height-default elementor-section-height-default\" data-id=\"62a0b40f\" data-element_type=\"section\">\n\t\t\t\t\t\t<div class=\"elementor-container elementor-column-gap-default\">\n\t\t\t\t\t<div class=\"elementor-column elementor-col-100 elementor-top-column elementor-element elementor-element-a5eb4db\" data-id=\"a5eb4db\" data-element_type=\"column\">\n\t\t\t<div class=\"elementor-widget-wrap elementor-element-populated\">\n\t\t\t\t\t\t<div class=\"elementor-element elementor-element-6fcc4f51 elementor-pagination-position-inside elementor-widget elementor-widget-image-carousel\" data-id=\"6fcc4f51\" data-element_type=\"widget\" data-settings=\"{&quot;slides_to_show&quot;:&quot;1&quot;,&quot;navigation&quot;:&quot;dots&quot;,&quot;speed&quot;:700,&quot;autoplay&quot;:&quot;yes&quot;,&quot;pause_on_hover&quot;:&quot;yes&quot;,&quot;pause_on_interaction&quot;:&quot;yes&quot;,&quot;autoplay_speed&quot;:5000,&quot;infinite&quot;:&quot;yes&quot;,&quot;effect&quot;:&quot;slide&quot;}\" data-widget_type=\"image-carousel.default\">\n\t\t\t\t<div class=\"elementor-widget-container\">\n\t\t\t\t\t\t\t<div class=\"elementor-image-carousel-wrapper swiper\" role=\"region\" aria-roledescription=\"carousel\" aria-label=\"Carosello d&#039;immagini\" dir=\"ltr\">\n\t\t\t<div class=\"elementor-image-carousel swiper-wrapper swiper-image-stretch\" aria-live=\"off\">\n\t\t\t\t\t\t\t\t<div class=\"swiper-slide\" role=\"group\" aria-roledescription=\"slide\" aria-label=\"1 von 1\"><figure class=\"swiper-slide-inner\"><img decoding=\"async\" class=\"swiper-slide-image\" src=\"https:\/\/ch.abetlaminati.com\/wp-content\/uploads\/sites\/14\/2025\/12\/foldline-abet7560-1.jpg\" alt=\"foldline-abet7560.jpg\" \/><\/figure><\/div>\t\t\t<\/div>\n\t\t\t\t\t<\/div>\n\t\t\t\t\t\t<\/div>\n\t\t\t\t<\/div>\n\t\t\t\t\t<\/div>\n\t\t<\/div>\n\t\t\t\t\t<\/div>\n\t\t<\/section>\n\t\t\t\t<section class=\"elementor-section elementor-top-section elementor-element elementor-element-26f5a7f9 elementor-section-boxed elementor-section-height-default elementor-section-height-default\" data-id=\"26f5a7f9\" data-element_type=\"section\">\n\t\t\t\t\t\t<div class=\"elementor-container elementor-column-gap-default\">\n\t\t\t\t\t<div class=\"elementor-column elementor-col-50 elementor-top-column elementor-element elementor-element-746310d5\" data-id=\"746310d5\" data-element_type=\"column\">\n\t\t\t<div class=\"elementor-widget-wrap elementor-element-populated\">\n\t\t\t\t\t\t<div class=\"elementor-element elementor-element-73f2029d elementor-widget elementor-widget-text-editor\" data-id=\"73f2029d\" data-element_type=\"widget\" data-widget_type=\"text-editor.default\">\n\t\t\t\t<div class=\"elementor-widget-container\">\n\t\t\t\t\t\t\t\t\tDieses Material ist strapazierf\u00e4hig, flexibel und best\u00e4ndig und eignet sich f\u00fcr Inneneinrichtungsprojekte und ma\u00dfgefertigte M\u00f6bel.\t\t\t\t\t\t\t\t<\/div>\n\t\t\t\t<\/div>\n\t\t\t\t\t<\/div>\n\t\t<\/div>\n\t\t\t\t<div class=\"elementor-column elementor-col-50 elementor-top-column elementor-element elementor-element-6eb388ac\" data-id=\"6eb388ac\" data-element_type=\"column\">\n\t\t\t<div class=\"elementor-widget-wrap elementor-element-populated\">\n\t\t\t\t\t\t<div class=\"elementor-element elementor-element-75131374 elementor-widget elementor-widget-text-editor\" data-id=\"75131374\" data-element_type=\"widget\" data-widget_type=\"text-editor.default\">\n\t\t\t\t<div class=\"elementor-widget-container\">\n\t\t\t\t\t\t\t\t\tEs ist als Platte und Rolle erh\u00e4ltlich und vereint au\u00dfergew\u00f6hnliche Vielseitigkeit mit der hohen Funktionalit\u00e4t, \u00c4sthetik und Oberfl\u00e4chenqualit\u00e4t, die f\u00fcr diese Produktart typisch sind, und gew\u00e4hrleistet gleichzeitig eine einfache Anwendung.\t\t\t\t\t\t\t\t<\/div>\n\t\t\t\t<\/div>\n\t\t\t\t\t<\/div>\n\t\t<\/div>\n\t\t\t\t\t<\/div>\n\t\t<\/section>\n\t\t\t\t<\/div>\n\t\t","protected":false},"excerpt":{"rendered":"<p>Dekore und Oberfl\u00e4chen Um die Verf\u00fcgbarkeit von Dekoren und Oberfl\u00e4chen f\u00fcr dieses Produkt zu pr\u00fcfen, kontaktieren Sie uns bitte oder wenden Sie sich an Ihren lokalen Abet Laminati-Ansprechpartner. Kontaktieren Sie uns Dieses Material ist strapazierf\u00e4hig, flexibel und best\u00e4ndig und eignet sich f\u00fcr Inneneinrichtungsprojekte und ma\u00dfgefertigte M\u00f6bel.Es ist als Platte und Rolle erh\u00e4ltlich und vereint au\u00dfergew\u00f6hnliche [&hellip;]<\/p>\n","protected":false},"featured_media":12325,"template":"","class_list":["post-12341","products","type-products","status-publish","has-post-thumbnail","hentry","product-cat-foldline","interior-exterior-interior"],"acf":[],"yoast_head":"<!-- This site is optimized with the Yoast SEO plugin v25.7 - https:\/\/yoast.com\/wordpress\/plugins\/seo\/ -->\n<title>Foldline - Dekoratives CPL-Laminat, nachformbar | Abet Laminati CH<\/title>\n<meta name=\"description\" content=\"Foldline von Abet Laminati ist ein durchgehendes, nachformbares CPL-Dekorlaminat, das sich ideal f\u00fcr gekr\u00fcmmte oder ebene Oberfl\u00e4chen eignet.\" \/>\n<meta name=\"robots\" content=\"index, follow, max-snippet:-1, max-image-preview:large, max-video-preview:-1\" \/>\n<link rel=\"canonical\" href=\"https:\/\/ch.abetlaminati.com\/de\/products\/foldline\/\" \/>\n<meta property=\"og:locale\" content=\"de_DE\" \/>\n<meta property=\"og:type\" content=\"article\" \/>\n<meta property=\"og:title\" content=\"Foldline - Dekoratives CPL-Laminat, nachformbar | Abet Laminati CH\" \/>\n<meta property=\"og:description\" content=\"Foldline von Abet Laminati ist ein durchgehendes, nachformbares CPL-Dekorlaminat, das sich ideal f\u00fcr gekr\u00fcmmte oder ebene Oberfl\u00e4chen eignet.\" \/>\n<meta property=\"og:url\" content=\"https:\/\/ch.abetlaminati.com\/de\/products\/foldline\/\" \/>\n<meta property=\"og:site_name\" content=\"Abet Laminati CH\" \/>\n<meta property=\"article:publisher\" content=\"https:\/\/www.facebook.com\/AbetLaminati\" \/>\n<meta property=\"article:modified_time\" content=\"2026-01-15T16:36:08+00:00\" \/>\n<meta property=\"og:image\" content=\"https:\/\/ch.abetlaminati.com\/wp-content\/uploads\/sites\/14\/2025\/12\/icona-brochure_foldline.jpg\" \/>\n\t<meta property=\"og:image:width\" content=\"1500\" \/>\n\t<meta property=\"og:image:height\" content=\"1500\" \/>\n\t<meta property=\"og:image:type\" content=\"image\/jpeg\" \/>\n<meta name=\"twitter:card\" content=\"summary_large_image\" \/>\n<script type=\"application\/ld+json\" class=\"yoast-schema-graph\">{\"@context\":\"https:\/\/schema.org\",\"@graph\":[{\"@type\":\"WebPage\",\"@id\":\"https:\/\/ch.abetlaminati.com\/de\/products\/foldline\/\",\"url\":\"https:\/\/ch.abetlaminati.com\/de\/products\/foldline\/\",\"name\":\"Foldline - Dekoratives CPL-Laminat, nachformbar | Abet Laminati CH\",\"isPartOf\":{\"@id\":\"https:\/\/ch.abetlaminati.com\/de\/#website\"},\"primaryImageOfPage\":{\"@id\":\"https:\/\/ch.abetlaminati.com\/de\/products\/foldline\/#primaryimage\"},\"image\":{\"@id\":\"https:\/\/ch.abetlaminati.com\/de\/products\/foldline\/#primaryimage\"},\"thumbnailUrl\":\"https:\/\/ch.abetlaminati.com\/wp-content\/uploads\/sites\/14\/2025\/12\/icona-brochure_foldline.jpg\",\"datePublished\":\"2025-12-14T11:24:44+00:00\",\"dateModified\":\"2026-01-15T16:36:08+00:00\",\"description\":\"Foldline von Abet Laminati ist ein durchgehendes, nachformbares CPL-Dekorlaminat, das sich ideal f\u00fcr gekr\u00fcmmte oder ebene Oberfl\u00e4chen eignet.\",\"breadcrumb\":{\"@id\":\"https:\/\/ch.abetlaminati.com\/de\/products\/foldline\/#breadcrumb\"},\"inLanguage\":\"de\",\"potentialAction\":[{\"@type\":\"ReadAction\",\"target\":[\"https:\/\/ch.abetlaminati.com\/de\/products\/foldline\/\"]}]},{\"@type\":\"ImageObject\",\"inLanguage\":\"de\",\"@id\":\"https:\/\/ch.abetlaminati.com\/de\/products\/foldline\/#primaryimage\",\"url\":\"https:\/\/ch.abetlaminati.com\/wp-content\/uploads\/sites\/14\/2025\/12\/icona-brochure_foldline.jpg\",\"contentUrl\":\"https:\/\/ch.abetlaminati.com\/wp-content\/uploads\/sites\/14\/2025\/12\/icona-brochure_foldline.jpg\",\"width\":1500,\"height\":1500},{\"@type\":\"BreadcrumbList\",\"@id\":\"https:\/\/ch.abetlaminati.com\/de\/products\/foldline\/#breadcrumb\",\"itemListElement\":[{\"@type\":\"ListItem\",\"position\":1,\"name\":\"Home\",\"item\":\"https:\/\/ch.abetlaminati.com\/it\/\"},{\"@type\":\"ListItem\",\"position\":2,\"name\":\"Products\",\"item\":\"https:\/\/ch.abetlaminati.com\/fr\/products\/\"},{\"@type\":\"ListItem\",\"position\":3,\"name\":\"Foldline\"}]},{\"@type\":\"WebSite\",\"@id\":\"https:\/\/ch.abetlaminati.com\/de\/#website\",\"url\":\"https:\/\/ch.abetlaminati.com\/de\/\",\"name\":\"Abet Laminati\",\"description\":\"\",\"potentialAction\":[{\"@type\":\"SearchAction\",\"target\":{\"@type\":\"EntryPoint\",\"urlTemplate\":\"https:\/\/ch.abetlaminati.com\/de\/?s={search_term_string}\"},\"query-input\":{\"@type\":\"PropertyValueSpecification\",\"valueRequired\":true,\"valueName\":\"search_term_string\"}}],\"inLanguage\":\"de\"}]}<\/script>\n<!-- \/ Yoast SEO plugin. -->","yoast_head_json":{"title":"Foldline - Dekoratives CPL-Laminat, nachformbar | Abet Laminati CH","description":"Foldline von Abet Laminati ist ein durchgehendes, nachformbares CPL-Dekorlaminat, das sich ideal f\u00fcr gekr\u00fcmmte oder ebene Oberfl\u00e4chen eignet.","robots":{"index":"index","follow":"follow","max-snippet":"max-snippet:-1","max-image-preview":"max-image-preview:large","max-video-preview":"max-video-preview:-1"},"canonical":"https:\/\/ch.abetlaminati.com\/de\/products\/foldline\/","og_locale":"de_DE","og_type":"article","og_title":"Foldline - Dekoratives CPL-Laminat, nachformbar | Abet Laminati CH","og_description":"Foldline von Abet Laminati ist ein durchgehendes, nachformbares CPL-Dekorlaminat, das sich ideal f\u00fcr gekr\u00fcmmte oder ebene Oberfl\u00e4chen eignet.","og_url":"https:\/\/ch.abetlaminati.com\/de\/products\/foldline\/","og_site_name":"Abet Laminati CH","article_publisher":"https:\/\/www.facebook.com\/AbetLaminati","article_modified_time":"2026-01-15T16:36:08+00:00","og_image":[{"width":1500,"height":1500,"url":"https:\/\/ch.abetlaminati.com\/wp-content\/uploads\/sites\/14\/2025\/12\/icona-brochure_foldline.jpg","type":"image\/jpeg"}],"twitter_card":"summary_large_image","schema":{"@context":"https:\/\/schema.org","@graph":[{"@type":"WebPage","@id":"https:\/\/ch.abetlaminati.com\/de\/products\/foldline\/","url":"https:\/\/ch.abetlaminati.com\/de\/products\/foldline\/","name":"Foldline - Dekoratives CPL-Laminat, nachformbar | Abet Laminati CH","isPartOf":{"@id":"https:\/\/ch.abetlaminati.com\/de\/#website"},"primaryImageOfPage":{"@id":"https:\/\/ch.abetlaminati.com\/de\/products\/foldline\/#primaryimage"},"image":{"@id":"https:\/\/ch.abetlaminati.com\/de\/products\/foldline\/#primaryimage"},"thumbnailUrl":"https:\/\/ch.abetlaminati.com\/wp-content\/uploads\/sites\/14\/2025\/12\/icona-brochure_foldline.jpg","datePublished":"2025-12-14T11:24:44+00:00","dateModified":"2026-01-15T16:36:08+00:00","description":"Foldline von Abet Laminati ist ein durchgehendes, nachformbares CPL-Dekorlaminat, das sich ideal f\u00fcr gekr\u00fcmmte oder ebene Oberfl\u00e4chen eignet.","breadcrumb":{"@id":"https:\/\/ch.abetlaminati.com\/de\/products\/foldline\/#breadcrumb"},"inLanguage":"de","potentialAction":[{"@type":"ReadAction","target":["https:\/\/ch.abetlaminati.com\/de\/products\/foldline\/"]}]},{"@type":"ImageObject","inLanguage":"de","@id":"https:\/\/ch.abetlaminati.com\/de\/products\/foldline\/#primaryimage","url":"https:\/\/ch.abetlaminati.com\/wp-content\/uploads\/sites\/14\/2025\/12\/icona-brochure_foldline.jpg","contentUrl":"https:\/\/ch.abetlaminati.com\/wp-content\/uploads\/sites\/14\/2025\/12\/icona-brochure_foldline.jpg","width":1500,"height":1500},{"@type":"BreadcrumbList","@id":"https:\/\/ch.abetlaminati.com\/de\/products\/foldline\/#breadcrumb","itemListElement":[{"@type":"ListItem","position":1,"name":"Home","item":"https:\/\/ch.abetlaminati.com\/it\/"},{"@type":"ListItem","position":2,"name":"Products","item":"https:\/\/ch.abetlaminati.com\/fr\/products\/"},{"@type":"ListItem","position":3,"name":"Foldline"}]},{"@type":"WebSite","@id":"https:\/\/ch.abetlaminati.com\/de\/#website","url":"https:\/\/ch.abetlaminati.com\/de\/","name":"Abet Laminati","description":"","potentialAction":[{"@type":"SearchAction","target":{"@type":"EntryPoint","urlTemplate":"https:\/\/ch.abetlaminati.com\/de\/?s={search_term_string}"},"query-input":{"@type":"PropertyValueSpecification","valueRequired":true,"valueName":"search_term_string"}}],"inLanguage":"de"}]}},"_links":{"self":[{"href":"https:\/\/ch.abetlaminati.com\/de\/wp-json\/wp\/v2\/products\/12341","targetHints":{"allow":["GET"]}}],"collection":[{"href":"https:\/\/ch.abetlaminati.com\/de\/wp-json\/wp\/v2\/products"}],"about":[{"href":"https:\/\/ch.abetlaminati.com\/de\/wp-json\/wp\/v2\/types\/products"}],"version-history":[{"count":5,"href":"https:\/\/ch.abetlaminati.com\/de\/wp-json\/wp\/v2\/products\/12341\/revisions"}],"predecessor-version":[{"id":12994,"href":"https:\/\/ch.abetlaminati.com\/de\/wp-json\/wp\/v2\/products\/12341\/revisions\/12994"}],"wp:featuredmedia":[{"embeddable":true,"href":"https:\/\/ch.abetlaminati.com\/de\/wp-json\/wp\/v2\/media\/12325"}],"wp:attachment":[{"href":"https:\/\/ch.abetlaminati.com\/de\/wp-json\/wp\/v2\/media?parent=12341"}],"curies":[{"name":"wp","href":"https:\/\/api.w.org\/{rel}","templated":true}]}}