{"id":12562,"date":"2025-12-16T18:45:58","date_gmt":"2025-12-16T17:45:58","guid":{"rendered":"https:\/\/ch.abetlaminati.com\/?page_id=12562"},"modified":"2025-12-16T18:46:51","modified_gmt":"2025-12-16T17:46:51","slug":"re-abet","status":"publish","type":"page","link":"https:\/\/ch.abetlaminati.com\/fr\/re-abet\/","title":{"rendered":"Re-Abet"},"content":{"rendered":"\t\t<div data-elementor-type=\"wp-page\" data-elementor-id=\"12562\" class=\"elementor elementor-12562\" data-elementor-post-type=\"page\">\n\t\t\t\t\t\t<section class=\"elementor-section elementor-top-section elementor-element elementor-element-5b692d3a elementor-section-boxed elementor-section-height-default elementor-section-height-default\" data-id=\"5b692d3a\" data-element_type=\"section\">\n\t\t\t\t\t\t<div class=\"elementor-container elementor-column-gap-default\">\n\t\t\t\t\t<div class=\"elementor-column elementor-col-50 elementor-top-column elementor-element elementor-element-7770898f\" data-id=\"7770898f\" data-element_type=\"column\">\n\t\t\t<div class=\"elementor-widget-wrap elementor-element-populated\">\n\t\t\t\t\t\t<div class=\"elementor-element elementor-element-113e98fd elementor-widget elementor-widget-heading\" data-id=\"113e98fd\" data-element_type=\"widget\" data-widget_type=\"heading.default\">\n\t\t\t\t<div class=\"elementor-widget-container\">\n\t\t\t\t\t<h1 class=\"elementor-heading-title elementor-size-default\">Re\u2013Abet<\/h1>\t\t\t\t<\/div>\n\t\t\t\t<\/div>\n\t\t\t\t<div class=\"elementor-element elementor-element-7c28fabf elementor-widget elementor-widget-text-editor\" data-id=\"7c28fabf\" data-element_type=\"widget\" data-widget_type=\"text-editor.default\">\n\t\t\t\t<div class=\"elementor-widget-container\">\n\t\t\t\t\t\t\t\t\t<strong>fabriqu\u00e9 \u00e0 partir de papier kraft recycl\u00e9<\/strong>\t\t\t\t\t\t\t\t<\/div>\n\t\t\t\t<\/div>\n\t\t\t\t<div class=\"elementor-element elementor-element-61f7f3a7 elementor-widget elementor-widget-heading\" data-id=\"61f7f3a7\" data-element_type=\"widget\" data-widget_type=\"heading.default\">\n\t\t\t\t<div class=\"elementor-widget-container\">\n\t\t\t\t\t<h2 class=\"elementor-heading-title elementor-size-default\">Re-Abet repr\u00e9sente le choix durable d'Abet Laminati : un noyau compos\u00e9 \u00e0 100 % de papier kraft recycl\u00e9 post-consommation.<\/h2>\t\t\t\t<\/div>\n\t\t\t\t<\/div>\n\t\t\t\t\t<\/div>\n\t\t<\/div>\n\t\t\t\t<div class=\"elementor-column elementor-col-50 elementor-top-column elementor-element elementor-element-7d433f47\" data-id=\"7d433f47\" data-element_type=\"column\">\n\t\t\t<div class=\"elementor-widget-wrap elementor-element-populated\">\n\t\t\t\t\t\t<div class=\"elementor-element elementor-element-12cc419e elementor-widget__width-initial elementor-widget elementor-widget-image\" data-id=\"12cc419e\" data-element_type=\"widget\" data-widget_type=\"image.default\">\n\t\t\t\t<div class=\"elementor-widget-container\">\n\t\t\t\t\t\t\t\t\t\t\t\t\t\t\t<img fetchpriority=\"high\" decoding=\"async\" width=\"800\" height=\"800\" src=\"https:\/\/ch.abetlaminati.com\/wp-content\/uploads\/sites\/14\/2025\/12\/Abet-Laminati_icona-lettera_Re-Abet-1024x1024.webp\" class=\"attachment-large size-large wp-image-12563\" alt=\"\" srcset=\"https:\/\/ch.abetlaminati.com\/wp-content\/uploads\/sites\/14\/2025\/12\/Abet-Laminati_icona-lettera_Re-Abet-1024x1024.webp 1024w, https:\/\/ch.abetlaminati.com\/wp-content\/uploads\/sites\/14\/2025\/12\/Abet-Laminati_icona-lettera_Re-Abet-300x300.webp 300w, https:\/\/ch.abetlaminati.com\/wp-content\/uploads\/sites\/14\/2025\/12\/Abet-Laminati_icona-lettera_Re-Abet-150x150.webp 150w, https:\/\/ch.abetlaminati.com\/wp-content\/uploads\/sites\/14\/2025\/12\/Abet-Laminati_icona-lettera_Re-Abet-768x768.webp 768w, https:\/\/ch.abetlaminati.com\/wp-content\/uploads\/sites\/14\/2025\/12\/Abet-Laminati_icona-lettera_Re-Abet.webp 1500w\" sizes=\"(max-width: 800px) 100vw, 800px\" \/>\t\t\t\t\t\t\t\t\t\t\t\t\t\t\t<\/div>\n\t\t\t\t<\/div>\n\t\t\t\t\t<\/div>\n\t\t<\/div>\n\t\t\t\t\t<\/div>\n\t\t<\/section>\n\t\t\t\t<section class=\"elementor-section elementor-top-section elementor-element elementor-element-1f5b1d0b elementor-section-boxed elementor-section-height-default elementor-section-height-default\" data-id=\"1f5b1d0b\" data-element_type=\"section\">\n\t\t\t\t\t\t<div class=\"elementor-container elementor-column-gap-default\">\n\t\t\t\t\t<div class=\"elementor-column elementor-col-100 elementor-top-column elementor-element elementor-element-39eee285\" data-id=\"39eee285\" data-element_type=\"column\">\n\t\t\t<div class=\"elementor-widget-wrap elementor-element-populated\">\n\t\t\t\t\t\t<div class=\"elementor-element elementor-element-4ae2d710 elementor-widget elementor-widget-image\" data-id=\"4ae2d710\" data-element_type=\"widget\" data-widget_type=\"image.default\">\n\t\t\t\t<div class=\"elementor-widget-container\">\n\t\t\t\t\t\t\t\t\t\t\t\t\t\t\t<img decoding=\"async\" width=\"2000\" height=\"1432\" src=\"https:\/\/ch.abetlaminati.com\/wp-content\/uploads\/sites\/14\/2025\/12\/img-sito_print-hpl_3.jpg\" class=\"attachment-2048x2048 size-2048x2048 wp-image-12567\" alt=\"\" srcset=\"https:\/\/ch.abetlaminati.com\/wp-content\/uploads\/sites\/14\/2025\/12\/img-sito_print-hpl_3.jpg 2000w, https:\/\/ch.abetlaminati.com\/wp-content\/uploads\/sites\/14\/2025\/12\/img-sito_print-hpl_3-300x215.jpg 300w, https:\/\/ch.abetlaminati.com\/wp-content\/uploads\/sites\/14\/2025\/12\/img-sito_print-hpl_3-1024x733.jpg 1024w, https:\/\/ch.abetlaminati.com\/wp-content\/uploads\/sites\/14\/2025\/12\/img-sito_print-hpl_3-768x550.jpg 768w, https:\/\/ch.abetlaminati.com\/wp-content\/uploads\/sites\/14\/2025\/12\/img-sito_print-hpl_3-1536x1100.jpg 1536w\" sizes=\"(max-width: 2000px) 100vw, 2000px\" \/>\t\t\t\t\t\t\t\t\t\t\t\t\t\t\t<\/div>\n\t\t\t\t<\/div>\n\t\t\t\t\t<\/div>\n\t\t<\/div>\n\t\t\t\t\t<\/div>\n\t\t<\/section>\n\t\t\t\t<section class=\"elementor-section elementor-top-section elementor-element elementor-element-99956c1 elementor-section-boxed elementor-section-height-default elementor-section-height-default\" data-id=\"99956c1\" data-element_type=\"section\">\n\t\t\t\t\t\t<div class=\"elementor-container elementor-column-gap-default\">\n\t\t\t\t\t<div class=\"elementor-column elementor-col-50 elementor-top-column elementor-element elementor-element-4663021c\" data-id=\"4663021c\" data-element_type=\"column\">\n\t\t\t<div class=\"elementor-widget-wrap elementor-element-populated\">\n\t\t\t\t\t\t<div class=\"elementor-element elementor-element-4f46cf7d elementor-widget elementor-widget-heading\" data-id=\"4f46cf7d\" data-element_type=\"widget\" data-widget_type=\"heading.default\">\n\t\t\t\t<div class=\"elementor-widget-container\">\n\t\t\t\t\t<h2 class=\"elementor-heading-title elementor-size-default\">Les stratifi\u00e9s d\u00e9coratifs Abet fabriqu\u00e9s avec un noyau Re-Abet, fins ou \u00e9pais, sont extr\u00eamement polyvalents et offrent une excellente durabilit\u00e9 et un attrait esth\u00e9tique.<\/h2>\t\t\t\t<\/div>\n\t\t\t\t<\/div>\n\t\t\t\t\t<\/div>\n\t\t<\/div>\n\t\t\t\t<div class=\"elementor-column elementor-col-50 elementor-top-column elementor-element elementor-element-5314de6a\" data-id=\"5314de6a\" data-element_type=\"column\">\n\t\t\t<div class=\"elementor-widget-wrap elementor-element-populated\">\n\t\t\t\t\t\t<div class=\"elementor-element elementor-element-7da4d8f9 elementor-widget elementor-widget-text-editor\" data-id=\"7da4d8f9\" data-element_type=\"widget\" data-widget_type=\"text-editor.default\">\n\t\t\t\t<div class=\"elementor-widget-container\">\n\t\t\t\t\t\t\t\t\t<p>Hygi\u00e9nique, r\u00e9sistant et facile \u00e0 nettoyer, Print Re-Abet est la solution id\u00e9ale pour les applications horizontales et verticales.<\/p><p>Compact Re-Abet est un mat\u00e9riau de haute qualit\u00e9 compos\u00e9 d&rsquo;un noyau compact unique et solide, garantissant une excellente combinaison de caract\u00e9ristiques m\u00e9caniques : flexion, traction, compression et r\u00e9sistance aux chocs.<\/p>\t\t\t\t\t\t\t\t<\/div>\n\t\t\t\t<\/div>\n\t\t\t\t\t<\/div>\n\t\t<\/div>\n\t\t\t\t\t<\/div>\n\t\t<\/section>\n\t\t\t\t<section class=\"elementor-section elementor-top-section elementor-element elementor-element-6c1ccbf7 elementor-section-boxed elementor-section-height-default elementor-section-height-default\" data-id=\"6c1ccbf7\" data-element_type=\"section\">\n\t\t\t\t\t\t<div class=\"elementor-container elementor-column-gap-default\">\n\t\t\t\t\t<div class=\"elementor-column elementor-col-100 elementor-top-column elementor-element elementor-element-567b883c\" data-id=\"567b883c\" data-element_type=\"column\">\n\t\t\t<div class=\"elementor-widget-wrap elementor-element-populated\">\n\t\t\t\t\t\t<div class=\"elementor-element elementor-element-23a4cdb7 elementor-widget elementor-widget-heading\" data-id=\"23a4cdb7\" data-element_type=\"widget\" data-widget_type=\"heading.default\">\n\t\t\t\t<div class=\"elementor-widget-container\">\n\t\t\t\t\t<h4 class=\"elementor-heading-title elementor-size-default\">T\u00e9l\u00e9chargement<\/h4>\t\t\t\t<\/div>\n\t\t\t\t<\/div>\n\t\t\t\t<div class=\"elementor-element elementor-element-7ed19a7d elementor-widget elementor-widget-wk_download_standard\" data-id=\"7ed19a7d\" data-element_type=\"widget\" data-widget_type=\"wk_download_standard.default\">\n\t\t\t\t<div class=\"elementor-widget-container\">\n\t\t\t\t\t<div class=\"wk_download_prodotto \"><div class=\"wk_brochure_container\">\t<a href=\"https:\/\/ch.abetlaminati.com\/wp-content\/uploads\/2025\/02\/Abet-Re-Abet-2025.pdf\" class=\"wk_brochure\" target=\"_blank\" download>\t\t<div class=\"wk_brochure_cover\">\t\t\t<img decoding=\"async\" src=\"https:\/\/ch.abetlaminati.com\/wp-content\/uploads\/2025\/02\/Abet-Re-Abet-2025-COVER-846x1200.jpg\" \/>\t\t<\/div>\t<\/a><\/div><div class=\"wk_documenti_container\"><ul class=\"wk_documenti_lista\"><li class=\"wk_documenti_item \">\t<a href=\"https:\/\/ch.abetlaminati.com\/wp-content\/uploads\/2025\/02\/Abet-Re-Abet-2025.pdf\">\t\t<span class=\"wk_document_icon\">\n\t\t\t\t\t\t\t\t\t\t\t<svg id=\"icona_download\" data-name=\"icona download\" xmlns=\"http:\/\/www.w3.org\/2000\/svg\" width=\"21.614\" height=\"19.595\" viewBox=\"0 0 21.614 19.595\"><path id=\"Tracciato_26\" data-name=\"Tracciato 26\" d=\"M21.264,13.714c-.475.119-.594.594-.594,1.069V18.7c0,.475-.119.594-.594.594H2.856c-.475,0-.594-.119-.594-.594V14.783a1.039,1.039,0,0,0-.594-1.069c-.475-.119-.713,0-1.069.594v6.176a1.206,1.206,0,0,0,1.188.594H21.145a1.158,1.158,0,0,0,1.069-.475V14.308C22.1,13.714,21.739,13.477,21.264,13.714Z\" transform=\"translate(-0.6 -1.482)\"><\/path> <path id=\"Tracciato_27\" data-name=\"Tracciato 27\" d=\"M10.109,18.72a.891.891,0,0,0,1.425,0c1.663-1.544,3.207-3.207,4.75-4.75.475-.475.475-.95.119-1.306s-.831-.356-1.306.119l-2.969,2.969a1.639,1.639,0,0,1-.475.356V4.113a.867.867,0,0,0-.831-.713.785.785,0,0,0-.831.713V16.226c-.238-.356-.238-.475-.356-.475-1.069-1.069-2.019-2.138-3.088-3.088-.475-.475-.95-.475-1.306-.119s-.356.831.119,1.306C6.9,15.514,8.447,17.057,10.109,18.72Z\" transform=\"translate(0.222 -3.4)\"><\/path><\/svg>\n\t\t\t\t\t\t\t\t\t\t<\/span>\t\t<span class=\"wk_document_title\">Re-Abet Brochure <\/span>\t<\/a><\/li><\/ul><\/div><\/div>\t\t\t\t<\/div>\n\t\t\t\t<\/div>\n\t\t\t\t\t<\/div>\n\t\t<\/div>\n\t\t\t\t\t<\/div>\n\t\t<\/section>\n\t\t\t\t<\/div>\n\t\t","protected":false},"excerpt":{"rendered":"<p>Re\u2013Abet fabriqu\u00e9 \u00e0 partir de papier kraft recycl\u00e9 Re-Abet repr\u00e9sente le choix durable d&rsquo;Abet Laminati : un noyau compos\u00e9 \u00e0 100 % de papier kraft recycl\u00e9 post-consommation. Les stratifi\u00e9s d\u00e9coratifs Abet fabriqu\u00e9s avec un noyau Re-Abet, fins ou \u00e9pais, sont extr\u00eamement polyvalents et offrent une excellente durabilit\u00e9 et un attrait esth\u00e9tique. Hygi\u00e9nique, r\u00e9sistant et facile [&hellip;]<\/p>\n","protected":false},"author":1,"featured_media":12563,"parent":0,"menu_order":0,"comment_status":"closed","ping_status":"closed","template":"","meta":{"_acf_changed":false,"footnotes":""},"class_list":["post-12562","page","type-page","status-publish","has-post-thumbnail","hentry"],"acf":[],"yoast_head":"<!-- This site is optimized with the Yoast SEO plugin v25.7 - https:\/\/yoast.com\/wordpress\/plugins\/seo\/ -->\n<title>Re-Abet | Abet Laminati CH<\/title>\n<meta name=\"description\" content=\"Re-Abet repr\u00e9sente le choix durable d&#039;Abet Laminati : le c\u0153ur du stratifi\u00e9 est compos\u00e9 \u00e0 100 % de papier kraft recycl\u00e9 post-consommation.\" \/>\n<meta name=\"robots\" content=\"index, follow, max-snippet:-1, max-image-preview:large, max-video-preview:-1\" \/>\n<link rel=\"canonical\" href=\"https:\/\/ch.abetlaminati.com\/fr\/re-abet\/\" \/>\n<meta property=\"og:locale\" content=\"fr_FR\" \/>\n<meta property=\"og:type\" content=\"article\" \/>\n<meta property=\"og:title\" content=\"Re-Abet | Abet Laminati CH\" \/>\n<meta property=\"og:description\" content=\"Re-Abet repr\u00e9sente le choix durable d&#039;Abet Laminati : le c\u0153ur du stratifi\u00e9 est compos\u00e9 \u00e0 100 % de papier kraft recycl\u00e9 post-consommation.\" \/>\n<meta property=\"og:url\" content=\"https:\/\/ch.abetlaminati.com\/fr\/re-abet\/\" \/>\n<meta property=\"og:site_name\" content=\"Abet Laminati CH\" \/>\n<meta property=\"article:publisher\" content=\"https:\/\/www.facebook.com\/AbetLaminati\" \/>\n<meta property=\"article:modified_time\" content=\"2025-12-16T17:46:51+00:00\" \/>\n<meta property=\"og:image\" content=\"https:\/\/ch.abetlaminati.com\/wp-content\/uploads\/sites\/14\/2025\/12\/Abet-Laminati_icona-lettera_Re-Abet.webp\" \/>\n\t<meta property=\"og:image:width\" content=\"1500\" \/>\n\t<meta property=\"og:image:height\" content=\"1500\" \/>\n\t<meta property=\"og:image:type\" content=\"image\/webp\" \/>\n<meta name=\"twitter:card\" content=\"summary_large_image\" \/>\n<script type=\"application\/ld+json\" class=\"yoast-schema-graph\">{\"@context\":\"https:\/\/schema.org\",\"@graph\":[{\"@type\":\"WebPage\",\"@id\":\"https:\/\/ch.abetlaminati.com\/fr\/re-abet\/\",\"url\":\"https:\/\/ch.abetlaminati.com\/fr\/re-abet\/\",\"name\":\"Re-Abet | Abet Laminati CH\",\"isPartOf\":{\"@id\":\"https:\/\/ch.abetlaminati.com\/de\/#website\"},\"primaryImageOfPage\":{\"@id\":\"https:\/\/ch.abetlaminati.com\/fr\/re-abet\/#primaryimage\"},\"image\":{\"@id\":\"https:\/\/ch.abetlaminati.com\/fr\/re-abet\/#primaryimage\"},\"thumbnailUrl\":\"https:\/\/ch.abetlaminati.com\/wp-content\/uploads\/sites\/14\/2025\/12\/Abet-Laminati_icona-lettera_Re-Abet.webp\",\"datePublished\":\"2025-12-16T17:45:58+00:00\",\"dateModified\":\"2025-12-16T17:46:51+00:00\",\"description\":\"Re-Abet repr\u00e9sente le choix durable d'Abet Laminati : le c\u0153ur du stratifi\u00e9 est compos\u00e9 \u00e0 100 % de papier kraft recycl\u00e9 post-consommation.\",\"breadcrumb\":{\"@id\":\"https:\/\/ch.abetlaminati.com\/fr\/re-abet\/#breadcrumb\"},\"inLanguage\":\"fr-FR\",\"potentialAction\":[{\"@type\":\"ReadAction\",\"target\":[\"https:\/\/ch.abetlaminati.com\/fr\/re-abet\/\"]}]},{\"@type\":\"ImageObject\",\"inLanguage\":\"fr-FR\",\"@id\":\"https:\/\/ch.abetlaminati.com\/fr\/re-abet\/#primaryimage\",\"url\":\"https:\/\/ch.abetlaminati.com\/wp-content\/uploads\/sites\/14\/2025\/12\/Abet-Laminati_icona-lettera_Re-Abet.webp\",\"contentUrl\":\"https:\/\/ch.abetlaminati.com\/wp-content\/uploads\/sites\/14\/2025\/12\/Abet-Laminati_icona-lettera_Re-Abet.webp\",\"width\":1500,\"height\":1500},{\"@type\":\"BreadcrumbList\",\"@id\":\"https:\/\/ch.abetlaminati.com\/fr\/re-abet\/#breadcrumb\",\"itemListElement\":[{\"@type\":\"ListItem\",\"position\":1,\"name\":\"Home\",\"item\":\"https:\/\/ch.abetlaminati.com\/fr\/\"},{\"@type\":\"ListItem\",\"position\":2,\"name\":\"Re-Abet\"}]},{\"@type\":\"WebSite\",\"@id\":\"https:\/\/ch.abetlaminati.com\/de\/#website\",\"url\":\"https:\/\/ch.abetlaminati.com\/de\/\",\"name\":\"Abet Laminati\",\"description\":\"\",\"potentialAction\":[{\"@type\":\"SearchAction\",\"target\":{\"@type\":\"EntryPoint\",\"urlTemplate\":\"https:\/\/ch.abetlaminati.com\/de\/?s={search_term_string}\"},\"query-input\":{\"@type\":\"PropertyValueSpecification\",\"valueRequired\":true,\"valueName\":\"search_term_string\"}}],\"inLanguage\":\"fr-FR\"}]}<\/script>\n<!-- \/ Yoast SEO plugin. -->","yoast_head_json":{"title":"Re-Abet | Abet Laminati CH","description":"Re-Abet repr\u00e9sente le choix durable d'Abet Laminati : le c\u0153ur du stratifi\u00e9 est compos\u00e9 \u00e0 100 % de papier kraft recycl\u00e9 post-consommation.","robots":{"index":"index","follow":"follow","max-snippet":"max-snippet:-1","max-image-preview":"max-image-preview:large","max-video-preview":"max-video-preview:-1"},"canonical":"https:\/\/ch.abetlaminati.com\/fr\/re-abet\/","og_locale":"fr_FR","og_type":"article","og_title":"Re-Abet | Abet Laminati CH","og_description":"Re-Abet repr\u00e9sente le choix durable d'Abet Laminati : le c\u0153ur du stratifi\u00e9 est compos\u00e9 \u00e0 100 % de papier kraft recycl\u00e9 post-consommation.","og_url":"https:\/\/ch.abetlaminati.com\/fr\/re-abet\/","og_site_name":"Abet Laminati CH","article_publisher":"https:\/\/www.facebook.com\/AbetLaminati","article_modified_time":"2025-12-16T17:46:51+00:00","og_image":[{"width":1500,"height":1500,"url":"https:\/\/ch.abetlaminati.com\/wp-content\/uploads\/sites\/14\/2025\/12\/Abet-Laminati_icona-lettera_Re-Abet.webp","type":"image\/webp"}],"twitter_card":"summary_large_image","schema":{"@context":"https:\/\/schema.org","@graph":[{"@type":"WebPage","@id":"https:\/\/ch.abetlaminati.com\/fr\/re-abet\/","url":"https:\/\/ch.abetlaminati.com\/fr\/re-abet\/","name":"Re-Abet | Abet Laminati CH","isPartOf":{"@id":"https:\/\/ch.abetlaminati.com\/de\/#website"},"primaryImageOfPage":{"@id":"https:\/\/ch.abetlaminati.com\/fr\/re-abet\/#primaryimage"},"image":{"@id":"https:\/\/ch.abetlaminati.com\/fr\/re-abet\/#primaryimage"},"thumbnailUrl":"https:\/\/ch.abetlaminati.com\/wp-content\/uploads\/sites\/14\/2025\/12\/Abet-Laminati_icona-lettera_Re-Abet.webp","datePublished":"2025-12-16T17:45:58+00:00","dateModified":"2025-12-16T17:46:51+00:00","description":"Re-Abet repr\u00e9sente le choix durable d'Abet Laminati : le c\u0153ur du stratifi\u00e9 est compos\u00e9 \u00e0 100 % de papier kraft recycl\u00e9 post-consommation.","breadcrumb":{"@id":"https:\/\/ch.abetlaminati.com\/fr\/re-abet\/#breadcrumb"},"inLanguage":"fr-FR","potentialAction":[{"@type":"ReadAction","target":["https:\/\/ch.abetlaminati.com\/fr\/re-abet\/"]}]},{"@type":"ImageObject","inLanguage":"fr-FR","@id":"https:\/\/ch.abetlaminati.com\/fr\/re-abet\/#primaryimage","url":"https:\/\/ch.abetlaminati.com\/wp-content\/uploads\/sites\/14\/2025\/12\/Abet-Laminati_icona-lettera_Re-Abet.webp","contentUrl":"https:\/\/ch.abetlaminati.com\/wp-content\/uploads\/sites\/14\/2025\/12\/Abet-Laminati_icona-lettera_Re-Abet.webp","width":1500,"height":1500},{"@type":"BreadcrumbList","@id":"https:\/\/ch.abetlaminati.com\/fr\/re-abet\/#breadcrumb","itemListElement":[{"@type":"ListItem","position":1,"name":"Home","item":"https:\/\/ch.abetlaminati.com\/fr\/"},{"@type":"ListItem","position":2,"name":"Re-Abet"}]},{"@type":"WebSite","@id":"https:\/\/ch.abetlaminati.com\/de\/#website","url":"https:\/\/ch.abetlaminati.com\/de\/","name":"Abet Laminati","description":"","potentialAction":[{"@type":"SearchAction","target":{"@type":"EntryPoint","urlTemplate":"https:\/\/ch.abetlaminati.com\/de\/?s={search_term_string}"},"query-input":{"@type":"PropertyValueSpecification","valueRequired":true,"valueName":"search_term_string"}}],"inLanguage":"fr-FR"}]}},"_links":{"self":[{"href":"https:\/\/ch.abetlaminati.com\/fr\/wp-json\/wp\/v2\/pages\/12562","targetHints":{"allow":["GET"]}}],"collection":[{"href":"https:\/\/ch.abetlaminati.com\/fr\/wp-json\/wp\/v2\/pages"}],"about":[{"href":"https:\/\/ch.abetlaminati.com\/fr\/wp-json\/wp\/v2\/types\/page"}],"author":[{"embeddable":true,"href":"https:\/\/ch.abetlaminati.com\/fr\/wp-json\/wp\/v2\/users\/1"}],"replies":[{"embeddable":true,"href":"https:\/\/ch.abetlaminati.com\/fr\/wp-json\/wp\/v2\/comments?post=12562"}],"version-history":[{"count":4,"href":"https:\/\/ch.abetlaminati.com\/fr\/wp-json\/wp\/v2\/pages\/12562\/revisions"}],"predecessor-version":[{"id":12579,"href":"https:\/\/ch.abetlaminati.com\/fr\/wp-json\/wp\/v2\/pages\/12562\/revisions\/12579"}],"wp:featuredmedia":[{"embeddable":true,"href":"https:\/\/ch.abetlaminati.com\/fr\/wp-json\/wp\/v2\/media\/12563"}],"wp:attachment":[{"href":"https:\/\/ch.abetlaminati.com\/fr\/wp-json\/wp\/v2\/media?parent=12562"}],"curies":[{"name":"wp","href":"https:\/\/api.w.org\/{rel}","templated":true}]}}