{"id":12322,"date":"2025-12-14T12:24:44","date_gmt":"2025-12-14T11:24:44","guid":{"rendered":"https:\/\/ch.abetlaminati.com\/?post_type=products&#038;p=12322"},"modified":"2026-01-15T17:40:17","modified_gmt":"2026-01-15T16:40:17","slug":"foldline","status":"publish","type":"products","link":"https:\/\/ch.abetlaminati.com\/it\/products\/foldline\/","title":{"rendered":"Foldline"},"content":{"rendered":"\t\t<div data-elementor-type=\"wp-post\" data-elementor-id=\"12322\" class=\"elementor elementor-12322\" data-elementor-post-type=\"products\">\n\t\t\t\t\t\t<section class=\"elementor-section elementor-top-section elementor-element elementor-element-2e7a4ba0 elementor-section-boxed elementor-section-height-default elementor-section-height-default\" data-id=\"2e7a4ba0\" data-element_type=\"section\">\n\t\t\t\t\t\t<div class=\"elementor-container elementor-column-gap-default\">\n\t\t\t\t\t<div class=\"elementor-column elementor-col-50 elementor-top-column elementor-element elementor-element-76fa743c\" data-id=\"76fa743c\" data-element_type=\"column\">\n\t\t\t<div class=\"elementor-widget-wrap elementor-element-populated\">\n\t\t\t\t\t\t<div class=\"elementor-element elementor-element-487332cd elementor-widget elementor-widget-heading\" data-id=\"487332cd\" data-element_type=\"widget\" data-widget_type=\"heading.default\">\n\t\t\t\t<div class=\"elementor-widget-container\">\n\t\t\t\t\t<h3 class=\"elementor-heading-title elementor-size-default\">Decori e Finiture<\/h3>\t\t\t\t<\/div>\n\t\t\t\t<\/div>\n\t\t\t\t\t<\/div>\n\t\t<\/div>\n\t\t\t\t<div class=\"elementor-column elementor-col-50 elementor-top-column elementor-element elementor-element-56e157ce\" data-id=\"56e157ce\" data-element_type=\"column\">\n\t\t\t<div class=\"elementor-widget-wrap elementor-element-populated\">\n\t\t\t\t\t\t<div class=\"elementor-element elementor-element-fe23a46 elementor-widget elementor-widget-text-editor\" data-id=\"fe23a46\" data-element_type=\"widget\" data-widget_type=\"text-editor.default\">\n\t\t\t\t<div class=\"elementor-widget-container\">\n\t\t\t\t\t\t\t\t\t<p>Per conoscere la disponibilit\u00e0 dei decorativi e delle finiture per questo prodotto, contattaci o rivolgiti al rappresentante Abet Laminati della tua zona.<\/p>\t\t\t\t\t\t\t\t<\/div>\n\t\t\t\t<\/div>\n\t\t\t\t<div class=\"elementor-element elementor-element-3268d013 elementor-align-right elementor-widget__width-inherit wk-popup-contact-button elementor-widget elementor-widget-button\" data-id=\"3268d013\" data-element_type=\"widget\" data-widget_type=\"button.default\">\n\t\t\t\t<div class=\"elementor-widget-container\">\n\t\t\t\t\t\t\t\t\t<div class=\"elementor-button-wrapper\">\n\t\t\t\t\t<a class=\"elementor-button elementor-button-link elementor-size-md\" href=\"https:\/\/ch.abetlaminati.com\/it\/contatti\/\" target=\"_blank\">\n\t\t\t\t\t\t<span class=\"elementor-button-content-wrapper\">\n\t\t\t\t\t\t\t\t\t<span class=\"elementor-button-text\">Contattaci<\/span>\n\t\t\t\t\t<\/span>\n\t\t\t\t\t<\/a>\n\t\t\t\t<\/div>\n\t\t\t\t\t\t\t\t<\/div>\n\t\t\t\t<\/div>\n\t\t\t\t\t<\/div>\n\t\t<\/div>\n\t\t\t\t\t<\/div>\n\t\t<\/section>\n\t\t\t\t<section class=\"elementor-section elementor-top-section elementor-element elementor-element-425f28ef elementor-section-boxed elementor-section-height-default elementor-section-height-default\" data-id=\"425f28ef\" data-element_type=\"section\">\n\t\t\t\t\t\t<div class=\"elementor-container elementor-column-gap-default\">\n\t\t\t\t\t<div class=\"elementor-column elementor-col-100 elementor-top-column elementor-element elementor-element-2ad49bb9\" data-id=\"2ad49bb9\" data-element_type=\"column\">\n\t\t\t<div class=\"elementor-widget-wrap elementor-element-populated\">\n\t\t\t\t\t\t<div class=\"elementor-element elementor-element-48990653 elementor-pagination-position-inside elementor-widget elementor-widget-image-carousel\" data-id=\"48990653\" data-element_type=\"widget\" data-settings=\"{&quot;slides_to_show&quot;:&quot;1&quot;,&quot;navigation&quot;:&quot;dots&quot;,&quot;speed&quot;:700,&quot;autoplay&quot;:&quot;yes&quot;,&quot;pause_on_hover&quot;:&quot;yes&quot;,&quot;pause_on_interaction&quot;:&quot;yes&quot;,&quot;autoplay_speed&quot;:5000,&quot;infinite&quot;:&quot;yes&quot;,&quot;effect&quot;:&quot;slide&quot;}\" data-widget_type=\"image-carousel.default\">\n\t\t\t\t<div class=\"elementor-widget-container\">\n\t\t\t\t\t\t\t<div class=\"elementor-image-carousel-wrapper swiper\" role=\"region\" aria-roledescription=\"carousel\" aria-label=\"Carosello d&#039;immagini\" dir=\"ltr\">\n\t\t\t<div class=\"elementor-image-carousel swiper-wrapper swiper-image-stretch\" aria-live=\"off\">\n\t\t\t\t\t\t\t\t<div class=\"swiper-slide\" role=\"group\" aria-roledescription=\"slide\" aria-label=\"1 di 1\"><figure class=\"swiper-slide-inner\"><img decoding=\"async\" class=\"swiper-slide-image\" src=\"https:\/\/ch.abetlaminati.com\/wp-content\/uploads\/sites\/14\/2025\/12\/foldline-abet7560.jpg\" alt=\"foldline-abet7560.jpg\" \/><\/figure><\/div>\t\t\t<\/div>\n\t\t\t\t\t<\/div>\n\t\t\t\t\t\t<\/div>\n\t\t\t\t<\/div>\n\t\t\t\t\t<\/div>\n\t\t<\/div>\n\t\t\t\t\t<\/div>\n\t\t<\/section>\n\t\t\t\t<section class=\"elementor-section elementor-top-section elementor-element elementor-element-6cfb6532 elementor-section-boxed elementor-section-height-default elementor-section-height-default\" data-id=\"6cfb6532\" data-element_type=\"section\">\n\t\t\t\t\t\t<div class=\"elementor-container elementor-column-gap-default\">\n\t\t\t\t\t<div class=\"elementor-column elementor-col-50 elementor-top-column elementor-element elementor-element-2051a9bb\" data-id=\"2051a9bb\" data-element_type=\"column\">\n\t\t\t<div class=\"elementor-widget-wrap elementor-element-populated\">\n\t\t\t\t\t\t<div class=\"elementor-element elementor-element-2f1b7e43 elementor-widget elementor-widget-text-editor\" data-id=\"2f1b7e43\" data-element_type=\"widget\" data-widget_type=\"text-editor.default\">\n\t\t\t\t<div class=\"elementor-widget-container\">\n\t\t\t\t\t\t\t\t\t<p>Resistente, flessibile e uniforme, \u00e8 pensato per applicazioni di design d\u2019interni e arredi su misura.<\/p>\t\t\t\t\t\t\t\t<\/div>\n\t\t\t\t<\/div>\n\t\t\t\t\t<\/div>\n\t\t<\/div>\n\t\t\t\t<div class=\"elementor-column elementor-col-50 elementor-top-column elementor-element elementor-element-296e218d\" data-id=\"296e218d\" data-element_type=\"column\">\n\t\t\t<div class=\"elementor-widget-wrap elementor-element-populated\">\n\t\t\t\t\t\t<div class=\"elementor-element elementor-element-67a5c4b9 elementor-widget elementor-widget-text-editor\" data-id=\"67a5c4b9\" data-element_type=\"widget\" data-widget_type=\"text-editor.default\">\n\t\t\t\t<div class=\"elementor-widget-container\">\n\t\t\t\t\t\t\t\t\tL\u2019utilizzo in fogli ed in rotoli ne garantisce una grande versatilit\u00e0 unita alle performance tipiche di questa tipologia di prodotto, ovvero ottime qualit\u00e0 funzionali estetiche e superficiali legate ad una semplice lavorabilit\u00e0 applicativa.\t\t\t\t\t\t\t\t<\/div>\n\t\t\t\t<\/div>\n\t\t\t\t\t<\/div>\n\t\t<\/div>\n\t\t\t\t\t<\/div>\n\t\t<\/section>\n\t\t\t\t<\/div>\n\t\t","protected":false},"excerpt":{"rendered":"<p>Decori e Finiture Per conoscere la disponibilit\u00e0 dei decorativi e delle finiture per questo prodotto, contattaci o rivolgiti al rappresentante Abet Laminati della tua zona. Contattaci Resistente, flessibile e uniforme, \u00e8 pensato per applicazioni di design d\u2019interni e arredi su misura. L\u2019utilizzo in fogli ed in rotoli ne garantisce una grande versatilit\u00e0 unita alle performance [&hellip;]<\/p>\n","protected":false},"featured_media":12323,"template":"","class_list":["post-12322","products","type-products","status-publish","has-post-thumbnail","hentry","interior-exterior-interior"],"acf":[],"yoast_head":"<!-- This site is optimized with the Yoast SEO plugin v25.7 - https:\/\/yoast.com\/wordpress\/plugins\/seo\/ -->\n<title>Foldline - Laminato decorativo CPL postformabile | Abet Laminati CH<\/title>\n<meta name=\"description\" content=\"Foldline di Abet Laminati \u00e8 un laminato decorativo CPL continuo e postformabile, ideale per superfici curve o piane.\" \/>\n<meta name=\"robots\" content=\"index, follow, max-snippet:-1, max-image-preview:large, max-video-preview:-1\" \/>\n<link rel=\"canonical\" href=\"https:\/\/ch.abetlaminati.com\/it\/products\/foldline\/\" \/>\n<meta property=\"og:locale\" content=\"it_IT\" \/>\n<meta property=\"og:type\" content=\"article\" \/>\n<meta property=\"og:title\" content=\"Foldline - Laminato decorativo CPL postformabile | Abet Laminati CH\" \/>\n<meta property=\"og:description\" content=\"Foldline di Abet Laminati \u00e8 un laminato decorativo CPL continuo e postformabile, ideale per superfici curve o piane.\" \/>\n<meta property=\"og:url\" content=\"https:\/\/ch.abetlaminati.com\/it\/products\/foldline\/\" \/>\n<meta property=\"og:site_name\" content=\"Abet Laminati CH\" \/>\n<meta property=\"article:publisher\" content=\"https:\/\/www.facebook.com\/AbetLaminati\" \/>\n<meta property=\"article:modified_time\" content=\"2026-01-15T16:40:17+00:00\" \/>\n<meta property=\"og:image\" content=\"https:\/\/ch.abetlaminati.com\/wp-content\/uploads\/sites\/14\/2025\/12\/icona-brochure_foldline.jpg\" \/>\n\t<meta property=\"og:image:width\" content=\"1500\" \/>\n\t<meta property=\"og:image:height\" content=\"1500\" \/>\n\t<meta property=\"og:image:type\" content=\"image\/jpeg\" \/>\n<meta name=\"twitter:card\" content=\"summary_large_image\" \/>\n<script type=\"application\/ld+json\" class=\"yoast-schema-graph\">{\"@context\":\"https:\/\/schema.org\",\"@graph\":[{\"@type\":\"WebPage\",\"@id\":\"https:\/\/ch.abetlaminati.com\/it\/products\/foldline\/\",\"url\":\"https:\/\/ch.abetlaminati.com\/it\/products\/foldline\/\",\"name\":\"Foldline - Laminato decorativo CPL postformabile | Abet Laminati CH\",\"isPartOf\":{\"@id\":\"https:\/\/ch.abetlaminati.com\/de\/#website\"},\"primaryImageOfPage\":{\"@id\":\"https:\/\/ch.abetlaminati.com\/it\/products\/foldline\/#primaryimage\"},\"image\":{\"@id\":\"https:\/\/ch.abetlaminati.com\/it\/products\/foldline\/#primaryimage\"},\"thumbnailUrl\":\"https:\/\/ch.abetlaminati.com\/wp-content\/uploads\/sites\/14\/2025\/12\/icona-brochure_foldline.jpg\",\"datePublished\":\"2025-12-14T11:24:44+00:00\",\"dateModified\":\"2026-01-15T16:40:17+00:00\",\"description\":\"Foldline di Abet Laminati \u00e8 un laminato decorativo CPL continuo e postformabile, ideale per superfici curve o piane.\",\"breadcrumb\":{\"@id\":\"https:\/\/ch.abetlaminati.com\/it\/products\/foldline\/#breadcrumb\"},\"inLanguage\":\"it-IT\",\"potentialAction\":[{\"@type\":\"ReadAction\",\"target\":[\"https:\/\/ch.abetlaminati.com\/it\/products\/foldline\/\"]}]},{\"@type\":\"ImageObject\",\"inLanguage\":\"it-IT\",\"@id\":\"https:\/\/ch.abetlaminati.com\/it\/products\/foldline\/#primaryimage\",\"url\":\"https:\/\/ch.abetlaminati.com\/wp-content\/uploads\/sites\/14\/2025\/12\/icona-brochure_foldline.jpg\",\"contentUrl\":\"https:\/\/ch.abetlaminati.com\/wp-content\/uploads\/sites\/14\/2025\/12\/icona-brochure_foldline.jpg\",\"width\":1500,\"height\":1500},{\"@type\":\"BreadcrumbList\",\"@id\":\"https:\/\/ch.abetlaminati.com\/it\/products\/foldline\/#breadcrumb\",\"itemListElement\":[{\"@type\":\"ListItem\",\"position\":1,\"name\":\"Home\",\"item\":\"https:\/\/ch.abetlaminati.com\/it\/\"},{\"@type\":\"ListItem\",\"position\":2,\"name\":\"Products\",\"item\":\"https:\/\/ch.abetlaminati.com\/fr\/products\/\"},{\"@type\":\"ListItem\",\"position\":3,\"name\":\"Foldline\"}]},{\"@type\":\"WebSite\",\"@id\":\"https:\/\/ch.abetlaminati.com\/de\/#website\",\"url\":\"https:\/\/ch.abetlaminati.com\/de\/\",\"name\":\"Abet Laminati\",\"description\":\"\",\"potentialAction\":[{\"@type\":\"SearchAction\",\"target\":{\"@type\":\"EntryPoint\",\"urlTemplate\":\"https:\/\/ch.abetlaminati.com\/de\/?s={search_term_string}\"},\"query-input\":{\"@type\":\"PropertyValueSpecification\",\"valueRequired\":true,\"valueName\":\"search_term_string\"}}],\"inLanguage\":\"it-IT\"}]}<\/script>\n<!-- \/ Yoast SEO plugin. -->","yoast_head_json":{"title":"Foldline - Laminato decorativo CPL postformabile | Abet Laminati CH","description":"Foldline di Abet Laminati \u00e8 un laminato decorativo CPL continuo e postformabile, ideale per superfici curve o piane.","robots":{"index":"index","follow":"follow","max-snippet":"max-snippet:-1","max-image-preview":"max-image-preview:large","max-video-preview":"max-video-preview:-1"},"canonical":"https:\/\/ch.abetlaminati.com\/it\/products\/foldline\/","og_locale":"it_IT","og_type":"article","og_title":"Foldline - Laminato decorativo CPL postformabile | Abet Laminati CH","og_description":"Foldline di Abet Laminati \u00e8 un laminato decorativo CPL continuo e postformabile, ideale per superfici curve o piane.","og_url":"https:\/\/ch.abetlaminati.com\/it\/products\/foldline\/","og_site_name":"Abet Laminati CH","article_publisher":"https:\/\/www.facebook.com\/AbetLaminati","article_modified_time":"2026-01-15T16:40:17+00:00","og_image":[{"width":1500,"height":1500,"url":"https:\/\/ch.abetlaminati.com\/wp-content\/uploads\/sites\/14\/2025\/12\/icona-brochure_foldline.jpg","type":"image\/jpeg"}],"twitter_card":"summary_large_image","schema":{"@context":"https:\/\/schema.org","@graph":[{"@type":"WebPage","@id":"https:\/\/ch.abetlaminati.com\/it\/products\/foldline\/","url":"https:\/\/ch.abetlaminati.com\/it\/products\/foldline\/","name":"Foldline - Laminato decorativo CPL postformabile | Abet Laminati CH","isPartOf":{"@id":"https:\/\/ch.abetlaminati.com\/de\/#website"},"primaryImageOfPage":{"@id":"https:\/\/ch.abetlaminati.com\/it\/products\/foldline\/#primaryimage"},"image":{"@id":"https:\/\/ch.abetlaminati.com\/it\/products\/foldline\/#primaryimage"},"thumbnailUrl":"https:\/\/ch.abetlaminati.com\/wp-content\/uploads\/sites\/14\/2025\/12\/icona-brochure_foldline.jpg","datePublished":"2025-12-14T11:24:44+00:00","dateModified":"2026-01-15T16:40:17+00:00","description":"Foldline di Abet Laminati \u00e8 un laminato decorativo CPL continuo e postformabile, ideale per superfici curve o piane.","breadcrumb":{"@id":"https:\/\/ch.abetlaminati.com\/it\/products\/foldline\/#breadcrumb"},"inLanguage":"it-IT","potentialAction":[{"@type":"ReadAction","target":["https:\/\/ch.abetlaminati.com\/it\/products\/foldline\/"]}]},{"@type":"ImageObject","inLanguage":"it-IT","@id":"https:\/\/ch.abetlaminati.com\/it\/products\/foldline\/#primaryimage","url":"https:\/\/ch.abetlaminati.com\/wp-content\/uploads\/sites\/14\/2025\/12\/icona-brochure_foldline.jpg","contentUrl":"https:\/\/ch.abetlaminati.com\/wp-content\/uploads\/sites\/14\/2025\/12\/icona-brochure_foldline.jpg","width":1500,"height":1500},{"@type":"BreadcrumbList","@id":"https:\/\/ch.abetlaminati.com\/it\/products\/foldline\/#breadcrumb","itemListElement":[{"@type":"ListItem","position":1,"name":"Home","item":"https:\/\/ch.abetlaminati.com\/it\/"},{"@type":"ListItem","position":2,"name":"Products","item":"https:\/\/ch.abetlaminati.com\/fr\/products\/"},{"@type":"ListItem","position":3,"name":"Foldline"}]},{"@type":"WebSite","@id":"https:\/\/ch.abetlaminati.com\/de\/#website","url":"https:\/\/ch.abetlaminati.com\/de\/","name":"Abet Laminati","description":"","potentialAction":[{"@type":"SearchAction","target":{"@type":"EntryPoint","urlTemplate":"https:\/\/ch.abetlaminati.com\/de\/?s={search_term_string}"},"query-input":{"@type":"PropertyValueSpecification","valueRequired":true,"valueName":"search_term_string"}}],"inLanguage":"it-IT"}]}},"_links":{"self":[{"href":"https:\/\/ch.abetlaminati.com\/it\/wp-json\/wp\/v2\/products\/12322","targetHints":{"allow":["GET"]}}],"collection":[{"href":"https:\/\/ch.abetlaminati.com\/it\/wp-json\/wp\/v2\/products"}],"about":[{"href":"https:\/\/ch.abetlaminati.com\/it\/wp-json\/wp\/v2\/types\/products"}],"version-history":[{"count":5,"href":"https:\/\/ch.abetlaminati.com\/it\/wp-json\/wp\/v2\/products\/12322\/revisions"}],"predecessor-version":[{"id":12996,"href":"https:\/\/ch.abetlaminati.com\/it\/wp-json\/wp\/v2\/products\/12322\/revisions\/12996"}],"wp:featuredmedia":[{"embeddable":true,"href":"https:\/\/ch.abetlaminati.com\/it\/wp-json\/wp\/v2\/media\/12323"}],"wp:attachment":[{"href":"https:\/\/ch.abetlaminati.com\/it\/wp-json\/wp\/v2\/media?parent=12322"}],"curies":[{"name":"wp","href":"https:\/\/api.w.org\/{rel}","templated":true}]}}